{"id":20094,"date":"2025-08-12T14:17:58","date_gmt":"2025-08-12T14:17:58","guid":{"rendered":"https:\/\/cajval.cl\/index2.php\/?page_id=20094"},"modified":"2025-10-15T15:10:45","modified_gmt":"2025-10-15T15:10:45","slug":"cuenta-publica-participativa-2025-2","status":"publish","type":"page","link":"https:\/\/cajval.cl\/index2.php\/index.php\/cuenta-publica-participativa-2025-2\/","title":{"rendered":"ENCUESTA CUENTA P\u00daBLICA PARTICIPATIVA 2025"},"content":{"rendered":"<div data-colibri-id=\"20094-c1\" class=\"style-9374 style-local-20094-c1 position-relative\">\r\n  <!---->\r\n  <div data-colibri-component=\"section\" data-colibri-id=\"20094-c19\" id=\"contact\" class=\"h-section h-section-global-spacing d-flex align-items-lg-center align-items-md-center align-items-center style-9392 style-local-20094-c19 position-relative\">\r\n    <!---->\r\n    <!---->\r\n    <div class=\"h-section-grid-container h-section-boxed-container\">\r\n      <!---->\r\n      <div data-colibri-id=\"20094-c20\" class=\"h-row-container gutters-row-lg-0 gutters-row-md-0 gutters-row-0 gutters-row-v-lg-0 gutters-row-v-md-0 gutters-row-v-0 style-9393 style-local-20094-c20 position-relative\">\r\n        <!---->\r\n        <div class=\"h-row justify-content-lg-center justify-content-md-center justify-content-center align-items-lg-stretch align-items-md-stretch align-items-stretch gutters-col-lg-0 gutters-col-md-0 gutters-col-0 gutters-col-v-lg-0 gutters-col-v-md-0 gutters-col-v-0\">\r\n          <!---->\r\n          <div class=\"h-column h-column-container d-flex h-col-lg-auto h-col-md-auto h-col-auto style-9394-outer style-local-20094-c21-outer\">\r\n            <div data-colibri-id=\"20094-c21\" class=\"d-flex h-flex-basis h-column__inner h-px-lg-0 h-px-md-0 h-px-0 v-inner-lg-0 v-inner-md-0 v-inner-0 style-9394 style-local-20094-c21 position-relative\">\r\n              <!---->\r\n              <!---->\r\n              <div class=\"w-100 h-y-container h-column__content h-column__v-align flex-basis-100 align-self-lg-start align-self-md-start align-self-start\">\r\n                <!---->\r\n                <div data-colibri-id=\"20094-c8\" class=\"d-block style-9381 style-local-20094-c8 position-relative h-element\">\r\n                  <!---->\r\n                  <div class=\"h-image__frame-container-outer\">\r\n                    <div class=\"h-image__frame-container\">\r\n                      <!---->\r\n                      <!---->\r\n                      <img loading=\"lazy\" decoding=\"async\" width=\"1500\" height=\"362\" src=\"https:\/\/cajval.cl\/wp-content\/uploads\/2025\/07\/boton_CP.png\" class=\"wp-image-19090 style-9381-image style-local-20094-c8-image\" alt=\"\" srcset=\"https:\/\/cajval.cl\/wp-content\/uploads\/2025\/07\/boton_CP.png 1500w, https:\/\/cajval.cl\/wp-content\/uploads\/2025\/07\/boton_CP-300x72.png 300w, https:\/\/cajval.cl\/wp-content\/uploads\/2025\/07\/boton_CP-1024x247.png 1024w, https:\/\/cajval.cl\/wp-content\/uploads\/2025\/07\/boton_CP-768x185.png 768w\" sizes=\"auto, (max-width: 1500px) 100vw, 1500px\" \/>\r\n                      <div class=\"h-image__frame h-hide-lg h-hide-md h-hide-sm style-9381-frameImage style-local-20094-c8-frameImage\"><\/div>\r\n                    <\/div>\r\n                  <\/div>\r\n                <\/div>\r\n                <div data-colibri-id=\"20094-c22\" class=\"h-row-container gutters-row-lg-0 gutters-row-md-0 gutters-row-2 gutters-row-v-lg-0 gutters-row-v-md-0 gutters-row-v-0 style-9395 style-local-20094-c22 position-relative\">\r\n                  <!---->\r\n                  <div class=\"h-row justify-content-lg-center justify-content-md-center justify-content-center align-items-lg-stretch align-items-md-stretch align-items-stretch gutters-col-lg-0 gutters-col-md-0 gutters-col-2 gutters-col-v-lg-0 gutters-col-v-md-0 gutters-col-v-0\">\r\n                    <!---->\r\n                    <div class=\"h-column h-column-container d-flex h-col-lg-auto h-col-md-auto h-col-auto style-9398-outer style-local-20094-c25-outer\">\r\n                      <div data-colibri-id=\"20094-c25\" class=\"d-flex h-flex-basis h-column__inner h-px-lg-3 h-px-md-3 h-px-2 v-inner-lg-3 v-inner-md-3 v-inner-2 style-9398 style-local-20094-c25 position-relative\">\r\n                        <!---->\r\n                        <!---->\r\n                        <div class=\"w-100 h-y-container h-column__content h-column__v-align flex-basis-100 align-self-lg-center align-self-md-center align-self-center\">\r\n                          <!---->\r\n                          <div data-colibri-id=\"20094-c27\" class=\"style-9400 style-local-20094-c27 position-relative h-element\">\r\n                            <!---->\r\n                            <div class=\"h-global-transition-all h-global-transition h-global-transition-all h-contact-form-shortcode\">\n<div class=\"wpcf7 no-js\" id=\"wpcf7-f20097-o1\" lang=\"es-ES\" dir=\"ltr\" data-wpcf7-id=\"20097\">\n<div class=\"screen-reader-response\"><p role=\"status\" aria-live=\"polite\" aria-atomic=\"true\"><\/p> <ul><\/ul><\/div>\n<form action=\"\/index2.php\/index.php\/wp-json\/wp\/v2\/pages\/20094#wpcf7-f20097-o1\" method=\"post\" class=\"wpcf7-form init\" aria-label=\"Formulario de contacto\" novalidate=\"novalidate\" data-status=\"init\">\n<fieldset class=\"hidden-fields-container\"><input type=\"hidden\" name=\"_wpcf7\" value=\"20097\" \/><input type=\"hidden\" name=\"_wpcf7_version\" value=\"6.1.5\" \/><input type=\"hidden\" name=\"_wpcf7_locale\" value=\"es_ES\" \/><input type=\"hidden\" name=\"_wpcf7_unit_tag\" value=\"wpcf7-f20097-o1\" \/><input type=\"hidden\" name=\"_wpcf7_container_post\" value=\"0\" \/><input type=\"hidden\" name=\"_wpcf7_posted_data_hash\" value=\"\" \/><input type=\"hidden\" name=\"_wpcf7cf_hidden_group_fields\" value=\"[]\" \/><input type=\"hidden\" name=\"_wpcf7cf_hidden_groups\" value=\"[]\" \/><input type=\"hidden\" name=\"_wpcf7cf_visible_groups\" value=\"[]\" \/><input type=\"hidden\" name=\"_wpcf7cf_repeaters\" value=\"[]\" \/><input type=\"hidden\" name=\"_wpcf7cf_steps\" value=\"{}\" \/><input type=\"hidden\" name=\"_wpcf7cf_options\" value=\"{&quot;form_id&quot;:20097,&quot;conditions&quot;:[],&quot;settings&quot;:{&quot;animation&quot;:&quot;yes&quot;,&quot;animation_intime&quot;:200,&quot;animation_outtime&quot;:200,&quot;conditions_ui&quot;:&quot;normal&quot;,&quot;notice_dismissed&quot;:false,&quot;notice_dismissed_rollback-cf7-5.9.4&quot;:true}}\" \/>\n<\/fieldset>\n<p><label>CUENTA P\u00daBLICA PARTICIPATIVA 2025<br \/>\n\u00a1Bienvenidas y bienvenidos!, gracias por acompa\u00f1arnos.<br \/>\nLes invitamos cordialmente a responder este breve cuestionario y realizar las consultas, opiniones y sugerencias de la Cuenta P\u00fablica Participativa de la Corporaci\u00f3n de Asistencia Judicial de la Regi\u00f3n de Valpara\u00edso del a\u00f1o 2025.<br \/>\nLas observaciones recibidas ser\u00e1n analizadas y consideradas en la elaboraci\u00f3n del Informe Final, el cual ser\u00e1 publicado en nuestro sitio web institucional.<br \/>\n<\/label>\n<\/p>\n<p>1. NOMBRE COMPLETO*: <span class=\"wpcf7-form-control-wrap\" data-name=\"PC_Nombre\"><input size=\"40\" maxlength=\"100\" minlength=\"10\" class=\"wpcf7-form-control wpcf7-text\" aria-invalid=\"false\" value=\"\" type=\"text\" name=\"PC_Nombre\" \/><\/span><br \/>\n2. CORREO ELECTR\u00d3NICO*: <span class=\"wpcf7-form-control-wrap\" data-name=\"pc_mail\"><input size=\"40\" maxlength=\"400\" class=\"wpcf7-form-control wpcf7-email wpcf7-text wpcf7-validates-as-email\" aria-invalid=\"false\" value=\"\" type=\"email\" name=\"pc_mail\" \/><\/span><br \/>\n3. G\u00c9NERO*: <span class=\"wpcf7-form-control-wrap\" data-name=\"select-793\"><select class=\"wpcf7-form-control wpcf7-select wpcf7-validates-as-required\" aria-required=\"true\" aria-invalid=\"false\" name=\"select-793\"><option value=\"Femenino\">Femenino<\/option><option value=\"Masculino\">Masculino<\/option><option value=\"Trans Femenino\">Trans Femenino<\/option><option value=\"Trans Masculino\">Trans Masculino<\/option><option value=\"No Binario o equivalente\">No Binario o equivalente<\/option><option value=\"Otro\">Otro<\/option><\/select><\/span><br \/>\n4. REGI\u00d3N*: <span class=\"wpcf7-form-control-wrap\" data-name=\"region\"><select class=\"wpcf7-form-control wpcf7-select\" aria-invalid=\"false\" name=\"region\"><option value=\"Regi\u00f3n de Arica y Parinacota\">Regi\u00f3n de Arica y Parinacota<\/option><option value=\"Regi\u00f3n de Tarapac\u00e1\">Regi\u00f3n de Tarapac\u00e1<\/option><option value=\"Regi\u00f3n de Antofagasta\">Regi\u00f3n de Antofagasta<\/option><option value=\"Regi\u00f3n de Atacama\">Regi\u00f3n de Atacama<\/option><option value=\"Regi\u00f3n de Coquimbo\">Regi\u00f3n de Coquimbo<\/option><option value=\"Regi\u00f3n de Valpara\u00edso\">Regi\u00f3n de Valpara\u00edso<\/option><option value=\"Regi\u00f3n Metropolitana de Santiago\">Regi\u00f3n Metropolitana de Santiago<\/option><option value=\"Regi\u00f3n del Libertador General Bernardo O&#039;Higgins\">Regi\u00f3n del Libertador General Bernardo O&#039;Higgins<\/option><option value=\"Regi\u00f3n del Maule\">Regi\u00f3n del Maule<\/option><option value=\"Regi\u00f3n de \u00d1uble\">Regi\u00f3n de \u00d1uble<\/option><option value=\"Regi\u00f3n del Biob\u00edo\">Regi\u00f3n del Biob\u00edo<\/option><option value=\"Regi\u00f3n de La Araucan\u00eda\">Regi\u00f3n de La Araucan\u00eda<\/option><option value=\"Regi\u00f3n de Los R\u00edos\">Regi\u00f3n de Los R\u00edos<\/option><option value=\"Regi\u00f3n de Los Lagos\">Regi\u00f3n de Los Lagos<\/option><option value=\"Regi\u00f3n de Ays\u00e9n del General Carlos Ib\u00e1\u00f1ez del Campo\">Regi\u00f3n de Ays\u00e9n del General Carlos Ib\u00e1\u00f1ez del Campo<\/option><option value=\"Regi\u00f3n de Magallanes y de la Ant\u00e1rtica Chilena\">Regi\u00f3n de Magallanes y de la Ant\u00e1rtica Chilena<\/option><\/select><\/span><br \/>\n5. \u00bfPERTENECE A ALGUNA ORGANIZACI\u00d3N DE LA SOCIEDAD CIVIL?<br \/>\n<span class=\"wpcf7-form-control-wrap\" data-name=\"radio_SC\"><span class=\"wpcf7-form-control wpcf7-radio\"><span class=\"wpcf7-list-item first\"><label><input type=\"radio\" name=\"radio_SC\" value=\"Si\" \/><span class=\"wpcf7-list-item-label\">Si<\/span><\/label><\/span><span class=\"wpcf7-list-item last\"><label><input type=\"radio\" name=\"radio_SC\" value=\"No\" \/><span class=\"wpcf7-list-item-label\">No<\/span><\/label><\/span><\/span><\/span><br \/>\n6. \u00bfA cu\u00e1l Organizaci\u00f3n de la Sociedad Civil pertenece?<br \/>\n<span class=\"wpcf7-form-control-wrap\" data-name=\"text-71\"><input size=\"40\" maxlength=\"300\" minlength=\"1\" class=\"wpcf7-form-control wpcf7-text\" aria-invalid=\"false\" value=\"\" type=\"text\" name=\"text-71\" \/><\/span><br \/>\n7. Marque la(s) tem\u00e1tica(s) de su inter\u00e9s en relaci\u00f3n a nuestra misi\u00f3n de acceso a la justicia (solo 3):<br \/>\n<span class=\"wpcf7-form-control-wrap\" data-name=\"pc_temas\"><span class=\"wpcf7-form-control wpcf7-checkbox\"><span class=\"wpcf7-list-item first\"><label><input type=\"checkbox\" name=\"pc_temas[]\" value=\"Temas de Familia\" \/><span class=\"wpcf7-list-item-label\">Temas de Familia<\/span><\/label><\/span><span class=\"wpcf7-list-item\"><label><input type=\"checkbox\" name=\"pc_temas[]\" value=\"Personas Mayores\" \/><span class=\"wpcf7-list-item-label\">Personas Mayores<\/span><\/label><\/span><span class=\"wpcf7-list-item\"><label><input type=\"checkbox\" name=\"pc_temas[]\" value=\"Migraci\u00f3n\" \/><span class=\"wpcf7-list-item-label\">Migraci\u00f3n<\/span><\/label><\/span><span class=\"wpcf7-list-item\"><label><input type=\"checkbox\" name=\"pc_temas[]\" value=\"Discapacidad\" \/><span class=\"wpcf7-list-item-label\">Discapacidad<\/span><\/label><\/span><span class=\"wpcf7-list-item\"><label><input type=\"checkbox\" name=\"pc_temas[]\" value=\"V\u00edctimas de delitos violentos\" \/><span class=\"wpcf7-list-item-label\">V\u00edctimas de delitos violentos<\/span><\/label><\/span><span class=\"wpcf7-list-item\"><label><input type=\"checkbox\" name=\"pc_temas[]\" value=\"Diversidad y disidencia sexual\" \/><span class=\"wpcf7-list-item-label\">Diversidad y disidencia sexual<\/span><\/label><\/span><span class=\"wpcf7-list-item\"><label><input type=\"checkbox\" name=\"pc_temas[]\" value=\"Temas penales\" \/><span class=\"wpcf7-list-item-label\">Temas penales<\/span><\/label><\/span><span class=\"wpcf7-list-item\"><label><input type=\"checkbox\" name=\"pc_temas[]\" value=\"Soluci\u00f3n colaborativa de conflictos\" \/><span class=\"wpcf7-list-item-label\">Soluci\u00f3n colaborativa de conflictos<\/span><\/label><\/span><span class=\"wpcf7-list-item\"><label><input type=\"checkbox\" name=\"pc_temas[]\" value=\"Temas laborales\" \/><span class=\"wpcf7-list-item-label\">Temas laborales<\/span><\/label><\/span><span class=\"wpcf7-list-item\"><label><input type=\"checkbox\" name=\"pc_temas[]\" value=\"Temas civiles\" \/><span class=\"wpcf7-list-item-label\">Temas civiles<\/span><\/label><\/span><span class=\"wpcf7-list-item\"><label><input type=\"checkbox\" name=\"pc_temas[]\" value=\"Participaci\u00f3n Ciudadana\" \/><span class=\"wpcf7-list-item-label\">Participaci\u00f3n Ciudadana<\/span><\/label><\/span><span class=\"wpcf7-list-item last\"><label><input type=\"checkbox\" name=\"pc_temas[]\" value=\"Otros\" \/><span class=\"wpcf7-list-item-label\">Otros<\/span><\/label><\/span><\/span><\/span><br \/>\n8. Considera que la Corporaci\u00f3n de Asistencia Judicial enfoca su labor con perspectiva de g\u00e9nero:<br \/>\n<span class=\"wpcf7-form-control-wrap\" data-name=\"radio-PG\"><span class=\"wpcf7-form-control wpcf7-radio\"><span class=\"wpcf7-list-item first\"><label><input type=\"radio\" name=\"radio-PG\" value=\"Si\" \/><span class=\"wpcf7-list-item-label\">Si<\/span><\/label><\/span><span class=\"wpcf7-list-item last\"><label><input type=\"radio\" name=\"radio-PG\" value=\"No\" \/><span class=\"wpcf7-list-item-label\">No<\/span><\/label><\/span><\/span><\/span><br \/>\nSi su respuesta es negativa, se\u00f1ale en qu\u00e9 podemos mejorar:<br \/>\n<span class=\"wpcf7-form-control-wrap\" data-name=\"text-8\"><input size=\"40\" maxlength=\"400\" class=\"wpcf7-form-control wpcf7-text\" aria-invalid=\"false\" value=\"\" type=\"text\" name=\"text-8\" \/><\/span><br \/>\n9. Se\u00f1ale sus consultas, opiniones y sugerencias de la Cuenta P\u00fablica Participativa 2025.<br \/>\n<span class=\"wpcf7-form-control-wrap\" data-name=\"text-Obs\"><input size=\"40\" maxlength=\"500\" class=\"wpcf7-form-control wpcf7-text\" aria-invalid=\"false\" value=\"\" type=\"text\" name=\"text-Obs\" \/><\/span><br \/>\n<label><br \/>\n<\/label>\n<\/p>\n<p><input class=\"wpcf7-form-control wpcf7-submit has-spinner\" type=\"submit\" value=\"Enviar formulario\" \/>\n<\/p>\n<p>\u00a1 Gracias por participar !\n<\/p><div class=\"wpcf7-response-output\" aria-hidden=\"true\"><\/div>\n<\/form>\n<\/div>\n<\/div>\r\n                          <\/div>\r\n                        <\/div>\r\n                      <\/div>\r\n                    <\/div>\r\n                  <\/div>\r\n                <\/div>\r\n              <\/div>\r\n            <\/div>\r\n          <\/div>\r\n        <\/div>\r\n      <\/div>\r\n    <\/div>\r\n  <\/div>\r\n<\/div>","protected":false},"excerpt":{"rendered":"","protected":false},"author":3,"featured_media":0,"parent":0,"menu_order":0,"comment_status":"closed","ping_status":"closed","template":"page-templates\/full-width-page.php","meta":{"footnotes":""},"class_list":["post-20094","page","type-page","status-publish","hentry"],"yoast_head":"<!-- This site is optimized with the Yoast SEO plugin v27.4 - https:\/\/yoast.com\/product\/yoast-seo-wordpress\/ -->\n<title>ENCUESTA CUENTA P\u00daBLICA PARTICIPATIVA 2025 - CAJVAL<\/title>\n<meta name=\"robots\" content=\"index, follow, max-snippet:-1, max-image-preview:large, max-video-preview:-1\" \/>\n<link rel=\"canonical\" href=\"https:\/\/cajval.cl\/index2.php\/index.php\/cuenta-publica-participativa-2025-2\/\" \/>\n<meta property=\"og:locale\" content=\"es_ES\" \/>\n<meta property=\"og:type\" content=\"article\" \/>\n<meta property=\"og:title\" content=\"ENCUESTA CUENTA P\u00daBLICA PARTICIPATIVA 2025 - CAJVAL\" \/>\n<meta property=\"og:url\" content=\"https:\/\/cajval.cl\/index2.php\/index.php\/cuenta-publica-participativa-2025-2\/\" \/>\n<meta property=\"og:site_name\" content=\"CAJVAL\" \/>\n<meta property=\"article:modified_time\" content=\"2025-10-15T15:10:45+00:00\" \/>\n<meta property=\"og:image\" content=\"https:\/\/cajval.cl\/wp-content\/uploads\/2025\/07\/boton_CP.png\" \/>\n\t<meta property=\"og:image:width\" content=\"1500\" \/>\n\t<meta property=\"og:image:height\" content=\"362\" \/>\n\t<meta property=\"og:image:type\" content=\"image\/png\" \/>\n<meta name=\"twitter:card\" content=\"summary_large_image\" \/>\n<meta name=\"twitter:label1\" content=\"Tiempo de lectura\" \/>\n\t<meta name=\"twitter:data1\" content=\"1 minuto\" \/>\n<script type=\"application\/ld+json\" class=\"yoast-schema-graph\">{\"@context\":\"https:\\\/\\\/schema.org\",\"@graph\":[{\"@type\":\"WebPage\",\"@id\":\"https:\\\/\\\/cajval.cl\\\/index2.php\\\/index.php\\\/cuenta-publica-participativa-2025-2\\\/\",\"url\":\"https:\\\/\\\/cajval.cl\\\/index2.php\\\/index.php\\\/cuenta-publica-participativa-2025-2\\\/\",\"name\":\"ENCUESTA CUENTA P\u00daBLICA PARTICIPATIVA 2025 - CAJVAL\",\"isPartOf\":{\"@id\":\"https:\\\/\\\/cajval.cl\\\/index2.php\\\/#website\"},\"primaryImageOfPage\":{\"@id\":\"https:\\\/\\\/cajval.cl\\\/index2.php\\\/index.php\\\/cuenta-publica-participativa-2025-2\\\/#primaryimage\"},\"image\":{\"@id\":\"https:\\\/\\\/cajval.cl\\\/index2.php\\\/index.php\\\/cuenta-publica-participativa-2025-2\\\/#primaryimage\"},\"thumbnailUrl\":\"https:\\\/\\\/cajval.cl\\\/wp-content\\\/uploads\\\/2025\\\/07\\\/boton_CP.png\",\"datePublished\":\"2025-08-12T14:17:58+00:00\",\"dateModified\":\"2025-10-15T15:10:45+00:00\",\"breadcrumb\":{\"@id\":\"https:\\\/\\\/cajval.cl\\\/index2.php\\\/index.php\\\/cuenta-publica-participativa-2025-2\\\/#breadcrumb\"},\"inLanguage\":\"es\",\"potentialAction\":[{\"@type\":\"ReadAction\",\"target\":[\"https:\\\/\\\/cajval.cl\\\/index2.php\\\/index.php\\\/cuenta-publica-participativa-2025-2\\\/\"]}]},{\"@type\":\"ImageObject\",\"inLanguage\":\"es\",\"@id\":\"https:\\\/\\\/cajval.cl\\\/index2.php\\\/index.php\\\/cuenta-publica-participativa-2025-2\\\/#primaryimage\",\"url\":\"https:\\\/\\\/cajval.cl\\\/wp-content\\\/uploads\\\/2025\\\/07\\\/boton_CP.png\",\"contentUrl\":\"https:\\\/\\\/cajval.cl\\\/wp-content\\\/uploads\\\/2025\\\/07\\\/boton_CP.png\"},{\"@type\":\"BreadcrumbList\",\"@id\":\"https:\\\/\\\/cajval.cl\\\/index2.php\\\/index.php\\\/cuenta-publica-participativa-2025-2\\\/#breadcrumb\",\"itemListElement\":[{\"@type\":\"ListItem\",\"position\":1,\"name\":\"Portada\",\"item\":\"https:\\\/\\\/cajval.cl\\\/index2.php\\\/\"},{\"@type\":\"ListItem\",\"position\":2,\"name\":\"ENCUESTA CUENTA P\u00daBLICA PARTICIPATIVA 2025\"}]},{\"@type\":\"WebSite\",\"@id\":\"https:\\\/\\\/cajval.cl\\\/index2.php\\\/#website\",\"url\":\"https:\\\/\\\/cajval.cl\\\/index2.php\\\/\",\"name\":\"CAJVAL\",\"description\":\"CAJVAL\",\"publisher\":{\"@id\":\"https:\\\/\\\/cajval.cl\\\/index2.php\\\/#organization\"},\"potentialAction\":[{\"@type\":\"SearchAction\",\"target\":{\"@type\":\"EntryPoint\",\"urlTemplate\":\"https:\\\/\\\/cajval.cl\\\/index2.php\\\/?s={search_term_string}\"},\"query-input\":{\"@type\":\"PropertyValueSpecification\",\"valueRequired\":true,\"valueName\":\"search_term_string\"}}],\"inLanguage\":\"es\"},{\"@type\":\"Organization\",\"@id\":\"https:\\\/\\\/cajval.cl\\\/index2.php\\\/#organization\",\"name\":\"CAJVAL\",\"url\":\"https:\\\/\\\/cajval.cl\\\/index2.php\\\/\",\"logo\":{\"@type\":\"ImageObject\",\"inLanguage\":\"es\",\"@id\":\"https:\\\/\\\/cajval.cl\\\/index2.php\\\/#\\\/schema\\\/logo\\\/image\\\/\",\"url\":\"https:\\\/\\\/cajval.cl\\\/wp-content\\\/uploads\\\/2024\\\/04\\\/LOGO3REGIONES.png\",\"contentUrl\":\"https:\\\/\\\/cajval.cl\\\/wp-content\\\/uploads\\\/2024\\\/04\\\/LOGO3REGIONES.png\",\"width\":625,\"height\":567,\"caption\":\"CAJVAL\"},\"image\":{\"@id\":\"https:\\\/\\\/cajval.cl\\\/index2.php\\\/#\\\/schema\\\/logo\\\/image\\\/\"}}]}<\/script>\n<!-- \/ Yoast SEO plugin. -->","yoast_head_json":{"title":"ENCUESTA CUENTA P\u00daBLICA PARTICIPATIVA 2025 - CAJVAL","robots":{"index":"index","follow":"follow","max-snippet":"max-snippet:-1","max-image-preview":"max-image-preview:large","max-video-preview":"max-video-preview:-1"},"canonical":"https:\/\/cajval.cl\/index2.php\/index.php\/cuenta-publica-participativa-2025-2\/","og_locale":"es_ES","og_type":"article","og_title":"ENCUESTA CUENTA P\u00daBLICA PARTICIPATIVA 2025 - CAJVAL","og_url":"https:\/\/cajval.cl\/index2.php\/index.php\/cuenta-publica-participativa-2025-2\/","og_site_name":"CAJVAL","article_modified_time":"2025-10-15T15:10:45+00:00","og_image":[{"width":1500,"height":362,"url":"https:\/\/cajval.cl\/wp-content\/uploads\/2025\/07\/boton_CP.png","type":"image\/png"}],"twitter_card":"summary_large_image","twitter_misc":{"Tiempo de lectura":"1 minuto"},"schema":{"@context":"https:\/\/schema.org","@graph":[{"@type":"WebPage","@id":"https:\/\/cajval.cl\/index2.php\/index.php\/cuenta-publica-participativa-2025-2\/","url":"https:\/\/cajval.cl\/index2.php\/index.php\/cuenta-publica-participativa-2025-2\/","name":"ENCUESTA CUENTA P\u00daBLICA PARTICIPATIVA 2025 - CAJVAL","isPartOf":{"@id":"https:\/\/cajval.cl\/index2.php\/#website"},"primaryImageOfPage":{"@id":"https:\/\/cajval.cl\/index2.php\/index.php\/cuenta-publica-participativa-2025-2\/#primaryimage"},"image":{"@id":"https:\/\/cajval.cl\/index2.php\/index.php\/cuenta-publica-participativa-2025-2\/#primaryimage"},"thumbnailUrl":"https:\/\/cajval.cl\/wp-content\/uploads\/2025\/07\/boton_CP.png","datePublished":"2025-08-12T14:17:58+00:00","dateModified":"2025-10-15T15:10:45+00:00","breadcrumb":{"@id":"https:\/\/cajval.cl\/index2.php\/index.php\/cuenta-publica-participativa-2025-2\/#breadcrumb"},"inLanguage":"es","potentialAction":[{"@type":"ReadAction","target":["https:\/\/cajval.cl\/index2.php\/index.php\/cuenta-publica-participativa-2025-2\/"]}]},{"@type":"ImageObject","inLanguage":"es","@id":"https:\/\/cajval.cl\/index2.php\/index.php\/cuenta-publica-participativa-2025-2\/#primaryimage","url":"https:\/\/cajval.cl\/wp-content\/uploads\/2025\/07\/boton_CP.png","contentUrl":"https:\/\/cajval.cl\/wp-content\/uploads\/2025\/07\/boton_CP.png"},{"@type":"BreadcrumbList","@id":"https:\/\/cajval.cl\/index2.php\/index.php\/cuenta-publica-participativa-2025-2\/#breadcrumb","itemListElement":[{"@type":"ListItem","position":1,"name":"Portada","item":"https:\/\/cajval.cl\/index2.php\/"},{"@type":"ListItem","position":2,"name":"ENCUESTA CUENTA P\u00daBLICA PARTICIPATIVA 2025"}]},{"@type":"WebSite","@id":"https:\/\/cajval.cl\/index2.php\/#website","url":"https:\/\/cajval.cl\/index2.php\/","name":"CAJVAL","description":"CAJVAL","publisher":{"@id":"https:\/\/cajval.cl\/index2.php\/#organization"},"potentialAction":[{"@type":"SearchAction","target":{"@type":"EntryPoint","urlTemplate":"https:\/\/cajval.cl\/index2.php\/?s={search_term_string}"},"query-input":{"@type":"PropertyValueSpecification","valueRequired":true,"valueName":"search_term_string"}}],"inLanguage":"es"},{"@type":"Organization","@id":"https:\/\/cajval.cl\/index2.php\/#organization","name":"CAJVAL","url":"https:\/\/cajval.cl\/index2.php\/","logo":{"@type":"ImageObject","inLanguage":"es","@id":"https:\/\/cajval.cl\/index2.php\/#\/schema\/logo\/image\/","url":"https:\/\/cajval.cl\/wp-content\/uploads\/2024\/04\/LOGO3REGIONES.png","contentUrl":"https:\/\/cajval.cl\/wp-content\/uploads\/2024\/04\/LOGO3REGIONES.png","width":625,"height":567,"caption":"CAJVAL"},"image":{"@id":"https:\/\/cajval.cl\/index2.php\/#\/schema\/logo\/image\/"}}]}},"_links":{"self":[{"href":"https:\/\/cajval.cl\/index2.php\/index.php\/wp-json\/wp\/v2\/pages\/20094","targetHints":{"allow":["GET"]}}],"collection":[{"href":"https:\/\/cajval.cl\/index2.php\/index.php\/wp-json\/wp\/v2\/pages"}],"about":[{"href":"https:\/\/cajval.cl\/index2.php\/index.php\/wp-json\/wp\/v2\/types\/page"}],"author":[{"embeddable":true,"href":"https:\/\/cajval.cl\/index2.php\/index.php\/wp-json\/wp\/v2\/users\/3"}],"replies":[{"embeddable":true,"href":"https:\/\/cajval.cl\/index2.php\/index.php\/wp-json\/wp\/v2\/comments?post=20094"}],"version-history":[{"count":6,"href":"https:\/\/cajval.cl\/index2.php\/index.php\/wp-json\/wp\/v2\/pages\/20094\/revisions"}],"predecessor-version":[{"id":20125,"href":"https:\/\/cajval.cl\/index2.php\/index.php\/wp-json\/wp\/v2\/pages\/20094\/revisions\/20125"}],"wp:attachment":[{"href":"https:\/\/cajval.cl\/index2.php\/index.php\/wp-json\/wp\/v2\/media?parent=20094"}],"curies":[{"name":"wp","href":"https:\/\/api.w.org\/{rel}","templated":true}]}}