{"id":1201,"date":"2024-01-26T11:43:13","date_gmt":"2024-01-26T11:43:13","guid":{"rendered":"https:\/\/cajval.cl\/index2.php\/?page_id=1201"},"modified":"2024-05-15T18:59:23","modified_gmt":"2024-05-15T18:59:23","slug":"preguntas-frecuentes","status":"publish","type":"page","link":"https:\/\/cajval.cl\/index2.php\/index.php\/preguntas-frecuentes\/","title":{"rendered":"PREGUNTAS FRECUENTES"},"content":{"rendered":"<div data-colibri-id=\"1201-c1\" class=\"style-2487 style-local-1201-c1 position-relative\">\n  <!---->\n  <div data-colibri-component=\"section\" data-colibri-id=\"1201-c2\" id=\"overlappable-2\" class=\"h-section h-section-global-spacing d-flex align-items-lg-center align-items-md-center align-items-center style-2740 style-local-1201-c2 position-relative\">\n    <!---->\n    <!---->\n    <div class=\"h-section-grid-container h-section-boxed-container\">\n      <!---->\n      <div data-colibri-id=\"1201-c3\" class=\"h-row-container gutters-row-lg-0 gutters-row-md-0 gutters-row-2 gutters-row-v-lg-0 gutters-row-v-md-0 gutters-row-v-2 style-2741 style-local-1201-c3 position-relative\">\n        <!---->\n        <div class=\"h-row justify-content-lg-center justify-content-md-center justify-content-center align-items-lg-stretch align-items-md-stretch align-items-stretch gutters-col-lg-0 gutters-col-md-0 gutters-col-2 gutters-col-v-lg-0 gutters-col-v-md-0 gutters-col-v-2\">\n          <!---->\n          <div class=\"h-column h-column-container d-flex h-col-lg-2 h-col-md-2 h-col-12 style-2742-outer style-local-1201-c4-outer\">\n            <div data-colibri-id=\"1201-c4\" class=\"d-flex h-flex-basis h-column__inner h-px-lg-3 h-px-md-3 h-px-2 v-inner-lg-3 v-inner-md-3 v-inner-2 style-2742 style-local-1201-c4 position-relative\">\n              <!---->\n              <!---->\n              <div class=\"w-100 h-y-container h-column__content h-column__v-align flex-basis-100 align-self-lg-start align-self-md-start align-self-start\">\n                <!---->\n                <div data-colibri-id=\"1201-c5\" class=\"h-icon style-2743 style-local-1201-c5 position-relative h-element\">\n                  <!---->\n                  <a href=\"#organizacion\" h-use-smooth-scroll=\"true\"><span class=\"h-svg-icon h-icon__icon style-2743-icon style-local-1201-c5-icon\"><!--Icon by Font Awesome (https:\/\/fontawesome.com)-->\n    <svg version=\"1.1\" xmlns=\"http:\/\/www.w3.org\/2000\/svg\" xmlns:xlink=\"http:\/\/www.w3.org\/1999\/xlink\" id=\"institution\" viewBox=\"0 0 2048 1896.0833\">\n      <path d=\"M960 0l960 384v128h-128q0 26-20.5 45t-48.5 19H197q-28 0-48.5-19T128 512H0V384zM256 640h256v768h128V640h256v768h128V640h256v768h128V640h256v768h59q28 0 48.5 19t20.5 45v64H128v-64q0-26 20.5-45t48.5-19h59V640zm1595 960q28 0 48.5 19t20.5 45v128H0v-128q0-26 20.5-45t48.5-19h1782z\"><\/path>\n    <\/svg><\/span><\/a>\n                <\/div>\n                <div data-colibri-id=\"1201-c6\" class=\"h-global-transition-all h-heading style-2747 style-local-1201-c6 position-relative h-element\">\n                  <!---->\n                  <div class=\"h-heading__outer style-2747 style-local-1201-c6\">\n                    <!---->\n                    <!---->\n                    <a href=\"#organizacion\" h-use-smooth-scroll=\"true\">\n                      <h6 class=\"\">NUESTRO SERVICIO<\/h6>\n                    <\/a>\n                  <\/div>\n                <\/div>\n              <\/div>\n            <\/div>\n          <\/div>\n          <div class=\"h-column h-column-container d-flex h-col-lg-2 h-col-md-2 h-col-12 style-5762-outer style-local-1201-c7-outer\">\n            <div data-colibri-id=\"1201-c7\" class=\"d-flex h-flex-basis h-column__inner h-px-lg-3 h-px-md-3 h-px-2 v-inner-lg-3 v-inner-md-3 v-inner-2 style-5762 style-local-1201-c7 position-relative\">\n              <!---->\n              <!---->\n              <div class=\"w-100 h-y-container h-column__content h-column__v-align flex-basis-100 align-self-lg-start align-self-md-start align-self-start\">\n                <!---->\n                <div data-colibri-id=\"1201-c8\" class=\"h-icon style-2743 style-local-1201-c8 position-relative h-element\">\n                  <!---->\n                  <a href=\"#familia\" h-use-smooth-scroll=\"true\"><span class=\"h-svg-icon h-icon__icon style-2743-icon style-local-1201-c8-icon\"><!--Icon by Font Awesome (https:\/\/fontawesome.com)-->\n    <svg version=\"1.1\" xmlns=\"http:\/\/www.w3.org\/2000\/svg\" xmlns:xlink=\"http:\/\/www.w3.org\/1999\/xlink\" id=\"users\" viewBox=\"0 0 1920 1896.0833\">\n      <path d=\"M593 896q-162 5-265 128H194q-82 0-138-40.5T0 865q0-353 124-353 6 0 43.5 21t97.5 42.5T384 597q67 0 133-23-5 37-5 66 0 139 81 256zm1071 637q0 120-73 189.5t-194 69.5H523q-121 0-194-69.5T256 1533q0-53 3.5-103.5t14-109T300 1212t43-97.5 62-81 85.5-53.5T602 960q10 0 43 21.5t73 48 107 48 135 21.5 135-21.5 107-48 73-48 43-21.5q61 0 111.5 20t85.5 53.5 62 81 43 97.5 26.5 108.5 14 109 3.5 103.5zM640 256q0 106-75 181t-181 75-181-75-75-181 75-181T384 0t181 75 75 181zm704 384q0 159-112.5 271.5T960 1024 688.5 911.5 576 640t112.5-271.5T960 256t271.5 112.5T1344 640zm576 225q0 78-56 118.5t-138 40.5h-134q-103-123-265-128 81-117 81-256 0-29-5-66 66 23 133 23 59 0 119-21.5t97.5-42.5 43.5-21q124 0 124 353zm-128-609q0 106-75 181t-181 75-181-75-75-181 75-181 181-75 181 75 75 181z\"><\/path>\n    <\/svg><\/span><\/a>\n                <\/div>\n                <div data-colibri-id=\"1201-c9\" class=\"h-global-transition-all h-heading style-2744 style-local-1201-c9 position-relative h-element\">\n                  <!---->\n                  <div class=\"h-heading__outer style-2744 style-local-1201-c9\">\n                    <!---->\n                    <!---->\n                    <a href=\"#familia\" h-use-smooth-scroll=\"true\">\n                      <h6 class=\"\">MATERIAS DE FAMILIA<\/h6>\n                    <\/a>\n                  <\/div>\n                <\/div>\n              <\/div>\n            <\/div>\n          <\/div>\n          <div class=\"h-column h-column-container d-flex h-col-lg-2 h-col-md-2 h-col-12 style-5761-outer style-local-1201-c10-outer\">\n            <div data-colibri-id=\"1201-c10\" class=\"d-flex h-flex-basis h-column__inner h-px-lg-3 h-px-md-3 h-px-2 v-inner-lg-3 v-inner-md-3 v-inner-2 style-5761 style-local-1201-c10 position-relative\">\n              <!---->\n              <!---->\n              <div class=\"w-100 h-y-container h-column__content h-column__v-align flex-basis-100 align-self-lg-start align-self-md-start align-self-start\">\n                <!---->\n                <div data-colibri-id=\"1201-c11\" class=\"h-icon style-2743 style-local-1201-c11 position-relative h-element\">\n                  <!---->\n                  <a href=\"#laborales\" h-use-smooth-scroll=\"true\"><span class=\"h-svg-icon h-icon__icon style-2743-icon style-local-1201-c11-icon\"><!--Icon by Font Awesome (https:\/\/fontawesome.com)-->\n    <svg version=\"1.1\" xmlns=\"http:\/\/www.w3.org\/2000\/svg\" xmlns:xlink=\"http:\/\/www.w3.org\/1999\/xlink\" id=\"briefcase\" viewBox=\"0 0 1792 1896.0833\">\n      <path d=\"M640 256h512V128H640v128zm1152 640v480q0 66-47 113t-113 47H160q-66 0-113-47T0 1376V896h672v160q0 26 19 45t45 19h320q26 0 45-19t19-45V896h672zm-768 0v128H768V896h256zm768-480v384H0V416q0-66 47-113t113-47h352V96q0-40 28-68t68-28h576q40 0 68 28t28 68v160h352q66 0 113 47t47 113z\"><\/path>\n    <\/svg><\/span><\/a>\n                <\/div>\n                <div data-colibri-id=\"1201-c12\" class=\"h-global-transition-all h-heading style-2744 style-local-1201-c12 position-relative h-element\">\n                  <!---->\n                  <div class=\"h-heading__outer style-2744 style-local-1201-c12\">\n                    <!---->\n                    <!---->\n                    <a href=\"#laborales\" h-use-smooth-scroll=\"true\">\n                      <h6 class=\"\">MATERIAS LABORALES<\/h6>\n                    <\/a>\n                  <\/div>\n                <\/div>\n              <\/div>\n            <\/div>\n          <\/div>\n          <div class=\"h-column h-column-container d-flex h-col-lg-2 h-col-md-2 h-col-12 style-2796-outer style-local-1201-c13-outer\">\n            <div data-colibri-id=\"1201-c13\" class=\"d-flex h-flex-basis h-column__inner h-px-lg-3 h-px-md-3 h-px-2 v-inner-lg-3 v-inner-md-3 v-inner-2 style-2796 style-local-1201-c13 position-relative\">\n              <!---->\n              <!---->\n              <div class=\"w-100 h-y-container h-column__content h-column__v-align flex-basis-100 align-self-lg-start align-self-md-start align-self-start\">\n                <!---->\n                <div data-colibri-id=\"1201-c14\" class=\"h-icon style-2743 style-local-1201-c14 position-relative h-element\">\n                  <!---->\n                  <a href=\"#civiles\" h-use-smooth-scroll=\"true\"><span class=\"h-svg-icon h-icon__icon style-2743-icon style-local-1201-c14-icon\"><!--Icon by Ionicons (https:\/\/ionicons.com)--><svg version=\"1.1\" xmlns=\"http:\/\/www.w3.org\/2000\/svg\" xmlns:xlink=\"http:\/\/www.w3.org\/1999\/xlink\" id=\"ios-home\" viewBox=\"0 0 384 512\"><path d=\"M192 112l160 128v208H240V320h-96v128H32V240zm0-48l192 153-12 12L192 84 12 229 0 217l32-25V96h64v45z\"><\/path><\/svg><\/span><\/a>\n                <\/div>\n                <div data-colibri-id=\"1201-c15\" class=\"h-global-transition-all h-heading style-2744 style-local-1201-c15 position-relative h-element\">\n                  <!---->\n                  <div class=\"h-heading__outer style-2744 style-local-1201-c15\">\n                    <!---->\n                    <!---->\n                    <a href=\"#civiles\" h-use-smooth-scroll=\"true\">\n                      <h6 class=\"\">MATERIAS CIVILES<\/h6>\n                    <\/a>\n                  <\/div>\n                <\/div>\n              <\/div>\n            <\/div>\n          <\/div>\n          <div class=\"h-column h-column-container d-flex h-col-lg-2 h-col-md-2 h-col-12 style-5763-outer style-local-1201-c16-outer\">\n            <div data-colibri-id=\"1201-c16\" class=\"d-flex h-flex-basis h-column__inner h-px-lg-3 h-px-md-3 h-px-2 v-inner-lg-3 v-inner-md-3 v-inner-2 style-5763 style-local-1201-c16 position-relative\">\n              <!---->\n              <!---->\n              <div class=\"w-100 h-y-container h-column__content h-column__v-align flex-basis-100 align-self-lg-start align-self-md-start align-self-start\">\n                <!---->\n                <div data-colibri-id=\"1201-c17\" class=\"h-icon style-2743 style-local-1201-c17 position-relative h-element\">\n                  <!---->\n                  <a href=\"#cavi\" h-use-smooth-scroll=\"true\"><span class=\"h-svg-icon h-icon__icon style-2743-icon style-local-1201-c17-icon\"><!--Icon by Font Awesome (https:\/\/fontawesome.com)-->\n    <svg version=\"1.1\" xmlns=\"http:\/\/www.w3.org\/2000\/svg\" xmlns:xlink=\"http:\/\/www.w3.org\/1999\/xlink\" id=\"user-md\" viewBox=\"0 0 1428.0134 1896.0833\">\n      <path d=\"M384 1344q0 26-19 45t-45 19-45-19-19-45 19-45 45-19 45 19 19 45zm1024 61q0 121-73 190t-194 69H267q-121 0-194-69T0 1405q0-68 5.5-131t24-138T77 1003.5t81-103T278 840q-22 52-22 120v203q-58 20-93 70t-35 111q0 80 56 136t136 56 136-56 56-136q0-61-35.5-111t-92.5-70V960q0-62 25-93 132 104 295 104t295-104q25 31 25 93v64q-106 0-181 75t-75 181v89q-32 29-32 71 0 40 28 68t68 28 68-28 28-68q0-42-32-71v-89q0-52 38-90t90-38 90 38 38 90v89q-32 29-32 71 0 40 28 68t68 28 68-28 28-68q0-42-32-71v-89q0-68-34.5-127.5T1152 1059q0-10 .5-42.5t0-48-2.5-41.5-7-47-13-40q68 15 120 60.5t81 103 47.5 132.5 24 138 5.5 131zm-320-893q0 159-112.5 271.5T704 896 432.5 783.5 320 512t112.5-271.5T704 128t271.5 112.5T1088 512z\"><\/path>\n    <\/svg><\/span><\/a>\n                <\/div>\n                <div data-colibri-id=\"1201-c18\" class=\"h-global-transition-all h-heading style-2744 style-local-1201-c18 position-relative h-element\">\n                  <!---->\n                  <div class=\"h-heading__outer style-2744 style-local-1201-c18\">\n                    <!---->\n                    <!---->\n                    <a href=\"#cavi\" h-use-smooth-scroll=\"true\">\n                      <h6 class=\"\">atenci\u00f3n\n                        <br>a victimas<\/h6>\n                    <\/a>\n                  <\/div>\n                <\/div>\n              <\/div>\n            <\/div>\n          <\/div>\n          <div class=\"h-column h-column-container d-flex h-col-lg-2 h-col-md-2 h-col-12 style-2746-outer style-local-1201-c19-outer\">\n            <div data-colibri-id=\"1201-c19\" class=\"d-flex h-flex-basis h-column__inner h-px-lg-3 h-px-md-3 h-px-2 v-inner-lg-3 v-inner-md-3 v-inner-2 style-2746 style-local-1201-c19 position-relative\">\n              <!---->\n              <!---->\n              <div class=\"w-100 h-y-container h-column__content h-column__v-align flex-basis-100 align-self-lg-center align-self-md-center align-self-center\">\n                <!---->\n                <div data-colibri-id=\"1201-c20\" class=\"h-icon style-2743 style-local-1201-c20 position-relative h-element\">\n                  <!---->\n                  <a href=\"#scc\" h-use-smooth-scroll=\"true\"><span class=\"h-svg-icon h-icon__icon style-2743-icon style-local-1201-c20-icon\"><!--Icon by Font Awesome (https:\/\/fontawesome.com)-->\n    <svg version=\"1.1\" xmlns=\"http:\/\/www.w3.org\/2000\/svg\" xmlns:xlink=\"http:\/\/www.w3.org\/1999\/xlink\" id=\"comments-o\" viewBox=\"0 0 1792 1896.0833\">\n      <path d=\"M704 384q-153 0-286 52T206.5 577 128 768q0 82 53 158t149 132l97 56-35 84q34-20 62-39l44-31 53 10q78 14 153 14 153 0 286-52t211.5-141 78.5-191-78.5-191T990 436t-286-52zm0-128q191 0 353.5 68.5T1314 511t94 257-94 257-256.5 186.5T704 1280q-86 0-176-16-124 88-278 128-36 9-86 16h-3q-11 0-20.5-8t-11.5-21q-1-3-1-6.5t.5-6.5 2-6l2.5-5 3.5-5.5 4-5 4.5-5 4-4.5q5-6 23-25t26-29.5 22.5-29 25-38.5 20.5-44q-124-72-195-177T0 768q0-139 94-257t256.5-186.5T704 256zm822 1169q10 24 20.5 44t25 38.5 22.5 29 26 29.5 23 25q1 1 4 4.5t4.5 5 4 5 3.5 5.5l2.5 5 2 6 .5 6.5-1 6.5q-3 14-13 22t-22 7q-50-7-86-16-154-40-278-128-90 16-176 16-271 0-472-132 58 4 88 4 161 0 309-45t264-129q125-92 192-212t67-254q0-77-23-152 129 71 204 178t75 230q0 120-71 224.5T1526 1425z\"><\/path>\n    <\/svg><\/span><\/a>\n                <\/div>\n                <div data-colibri-id=\"1201-c21\" class=\"h-global-transition-all h-heading style-2744 style-local-1201-c21 position-relative h-element\">\n                  <!---->\n                  <div class=\"h-heading__outer style-2744 style-local-1201-c21\">\n                    <!---->\n                    <!---->\n                    <a href=\"#scc\" h-use-smooth-scroll=\"true\">\n                      <h6 class=\"\">soluci\u00f3n colaborativa de conflictos<\/h6>\n                    <\/a>\n                  <\/div>\n                <\/div>\n              <\/div>\n            <\/div>\n          <\/div>\n        <\/div>\n      <\/div>\n    <\/div>\n  <\/div>\n  <div data-colibri-component=\"section\" data-colibri-id=\"1201-c26\" id=\"organizacion\" class=\"h-section h-section-global-spacing d-flex align-items-lg-center align-items-md-center align-items-center style-2500 style-local-1201-c26 position-relative\">\n    <!---->\n    <!---->\n    <div class=\"h-section-grid-container h-section-boxed-container\">\n      <div data-colibri-id=\"1201-c36\" class=\"h-row-container gutters-row-lg-2 gutters-row-md-2 gutters-row-0 gutters-row-v-lg-2 gutters-row-v-md-2 gutters-row-v-2 style-2520 style-local-1201-c36 position-relative\">\n        <!---->\n        <div class=\"h-row justify-content-lg-center justify-content-md-center justify-content-center align-items-lg-stretch align-items-md-stretch align-items-stretch gutters-col-lg-2 gutters-col-md-2 gutters-col-0 gutters-col-v-lg-2 gutters-col-v-md-2 gutters-col-v-2\">\n          <!---->\n          <div class=\"h-column h-column-container d-flex h-col-lg-auto h-col-md-auto h-col-auto style-2521-outer style-local-1201-c37-outer\">\n            <div data-colibri-id=\"1201-c37\" class=\"d-flex h-flex-basis h-column__inner h-px-lg-2 h-px-md-2 h-px-2 v-inner-lg-2 v-inner-md-2 v-inner-2 style-2521 style-local-1201-c37 position-relative\">\n              <!---->\n              <!---->\n              <div class=\"w-100 h-y-container h-column__content h-column__v-align flex-basis-100 align-self-lg-start align-self-md-start align-self-start\">\n                <!---->\n                <div data-colibri-id=\"1201-c38\" class=\"h-global-transition-all h-heading style-2522 style-local-1201-c38 position-relative h-element\">\n                  <!---->\n                  <div class=\"h-heading__outer style-2522 style-local-1201-c38\">\n                    <!---->\n                    <!---->\n                    <h3 class=\"\">Nuestro Servicio<\/h3>\n                  <\/div>\n                <\/div>\n              <\/div>\n            <\/div>\n          <\/div>\n        <\/div>\n      <\/div>\n      <div data-colibri-id=\"1201-c27\" class=\"h-row-container gutters-row-lg-2 gutters-row-md-2 gutters-row-2 gutters-row-v-lg-2 gutters-row-v-md-2 gutters-row-v-2 style-2501 style-local-1201-c27 position-relative\">\n        <!---->\n        <div class=\"h-row justify-content-lg-center justify-content-md-center justify-content-center align-items-lg-stretch align-items-md-stretch align-items-stretch gutters-col-lg-2 gutters-col-md-2 gutters-col-2 gutters-col-v-lg-2 gutters-col-v-md-2 gutters-col-v-2\">\n          <!---->\n          <div class=\"h-column h-column-container d-flex h-col-lg-auto h-col-md-auto h-col-auto style-2502-outer style-local-1201-c28-outer\">\n            <div data-colibri-id=\"1201-c28\" class=\"d-flex h-flex-basis h-column__inner h-px-lg-2 h-px-md-2 h-px-2 v-inner-lg-2 v-inner-md-2 v-inner-2 style-2502 style-local-1201-c28 position-relative\">\n              <!---->\n              <!---->\n              <div class=\"w-100 h-y-container h-column__content h-column__v-align flex-basis-100 align-self-lg-start align-self-md-start align-self-start\">\n                <!---->\n                <div data-colibri-component=\"tabs\" data-colibri-id=\"1201-c29\" class=\"h-tabs h-tabs-vertical h-tabs--vertical--auto-lg h-tabs--vertical--auto-md h-tabs--vertical--full h-tabs h-tabs-vertical h-tabs--vertical--auto-lg h-tabs--vertical--auto-md h-tabs--vertical--full style-2503 style-local-1201-c29 position-relative h-element\">\n                  <!---->\n                  <div class=\"h-tabs-navigation d-flex h-tabs-navigation-vertical\">\n                    <a href=\"#que-servicios-otorga-la-corporacion-de-asistencia-judicial-2\" class=\"h-tabs-navigation-item d-flex align-items-center h-global-transition h-tabs-navigation-active-item h-custom-active-state\" rel=\"#que-servicios-otorga-la-corporacion-de-asistencia-judicial-2\">\n                      <!----><span class=\"h-tabs-navigation-item__text\">\u00bfQU\u00c9 SERVICIOS OTORGA LA CORPORACI\u00d3N DE ASISTENCIA JUDICIAL?  <\/span><\/a>\n                    <a href=\"#quienes-pueden-acceder-a-los-servicios-de-la-corporacion-de-asistencia-judicial\" class=\"h-tabs-navigation-item d-flex align-items-center h-global-transition\"\n                      rel=\"#quienes-pueden-acceder-a-los-servicios-de-la-corporacion-de-asistencia-judicial\">\n                      <!----><span class=\"h-tabs-navigation-item__text\">\u00bfQUI\u00c9NES PUEDEN ACCEDER A LOS SERVICIOS DE LA CORPORACI\u00d3N DE ASISTENCIA JUDICIAL? <\/span><\/a>\n                    <a href=\"#que-materias-atiende-la-caj\" class=\"h-tabs-navigation-item d-flex align-items-center h-global-transition\"\n                      rel=\"#que-materias-atiende-la-caj\">\n                      <!----><span class=\"h-tabs-navigation-item__text\">\u00bfQU\u00c9 MATERIAS ATIENDE LA CAJ? <\/span><\/a>\n                  <\/div>\n                  <div id=\"que-servicios-otorga-la-corporacion-de-asistencia-judicial-2\" skip-smooth-scroll=\"true\" skip-scroll-spy=\"true\" data-colibri-id=\"1201-c30\" class=\"h-tabs-item-content h-tabs-item h-tabs-content-vertical h-tabs-content-1201-c30 style-2504 style-local-1201-c30 position-relative h-element h-tabs-content-active\">\n                    <!---->\n                    <div class=\"w-100 h-y-container\">\n                      <!---->\n                      <div data-colibri-id=\"1201-c31\" class=\"h-text h-text-component style-2507 style-local-1201-c31 position-relative h-element\">\n                        <!---->\n                        <!---->\n                        <div class=\"\">\n                          <p>Los servicios que otorga la Corporaci\u00f3n se dividen en dos dimensiones, <strong>asesor\u00eda jur\u00eddica y asistencia judicial.<\/strong><\/p>\n                          <p>La <strong>Asesor\u00eda Jur\u00eddica<\/strong> tiene como objetivo otorgar a todas las personas informaci\u00f3n jur\u00eddica, independientemente de su condici\u00f3n socioecon\u00f3mica, que permita abordar un conflicto puntual o una problem\u00e1tica presente\n                            o futura, a trav\u00e9s de una atenci\u00f3n de car\u00e1cter individual o colectivo.<\/p>\n                          <p>Servicios que incluye:&nbsp;Orientaci\u00f3n e Informaci\u00f3n en Derechos y Promoci\u00f3n de Derechos y Prevenci\u00f3n de Conflictos.<\/p>\n                          <p>La <strong>Asistencia Judicial<\/strong> comprende servicios de car\u00e1cter resolutivo, cuyo objetivo es reconocer y\/o ejercer un derecho, poniendo fin a una situaci\u00f3n de abuso a trav\u00e9s de una sentencia ejecutoriada y, en algunos\n                            casos, obtener la reparaci\u00f3n del mal causado producto de esta vulneraci\u00f3n.<\/p>\n                          <p>Servicios que incluye: Patrocinio Judicial, Soluci\u00f3n Colaborativa de Conflictos y Apoyo Integral, a trav\u00e9s de servicios especializados en materia de v\u00edctimas, infancia y personas mayores.<\/p>\n                        <\/div>\n                      <\/div>\n                    <\/div>\n                  <\/div>\n                  <div id=\"quienes-pueden-acceder-a-los-servicios-de-la-corporacion-de-asistencia-judicial\" skip-smooth-scroll=\"true\" skip-scroll-spy=\"true\" data-colibri-id=\"1201-c32\" class=\"h-tabs-item-content h-tabs-item h-tabs-content-vertical h-tabs-content-1201-c32 style-2510 style-local-1201-c32 position-relative h-element hide\">\n                    <!---->\n                    <div class=\"w-100 h-y-container\">\n                      <!---->\n                      <div data-colibri-id=\"1201-c33\" class=\"h-text h-text-component style-2513 style-local-1201-c33 position-relative h-element\">\n                        <!---->\n                        <!---->\n                        <div class=\"\">\n                          <p>Los servicios de la CAJ contemplan l\u00edneas de acceso universal y de acceso focalizado.&nbsp;<\/p>\n                          <p>\n                            <u>Acceso universal: <\/u>Toda persona, cualquiera sea su edad, sexo, g\u00e9nero, etnia, nacionalidad o situaci\u00f3n socioecon\u00f3mica, debe tener la posibilidad de conocer sus derechos, los de su grupo familiar, comunidad y\/o grupo de pertenencia,\n                            a trav\u00e9s de los servicios brindados por las Corporaciones. <\/p>\n                          <p>\n                            <u>L\u00edneas incluidas:<\/u> Orientaci\u00f3n e Informaci\u00f3n en Derechos y Promoci\u00f3n de Derechos y Prevenci\u00f3n de Conflictos.<\/p>\n                          <p>\n                            <u>Acceso focalizado: <\/u>Se aplican criterios de atenci\u00f3n basados en el Registro Social de Hogares, grupos vulnerables, aplicaci\u00f3n de leyes, materias y cobertura territorial.<\/p>\n                          <p>\n                            <u>L\u00ednea incluida:<\/u> Patrocinio Judicial, Soluci\u00f3n Colaborativa de Conflictos y Apoyo Integral a trav\u00e9s de servicios especializados en materia de v\u00edctimas, infancia y personas mayores.<\/p>\n                        <\/div>\n                      <\/div>\n                    <\/div>\n                  <\/div>\n                  <div id=\"que-materias-atiende-la-caj\" skip-smooth-scroll=\"true\" skip-scroll-spy=\"true\" data-colibri-id=\"1201-c34\" class=\"h-tabs-item-content h-tabs-item h-tabs-content-vertical h-tabs-content-1201-c34 style-2515 style-local-1201-c34 position-relative h-element hide\">\n                    <!---->\n                    <div class=\"w-100 h-y-container\">\n                      <!---->\n                      <div data-colibri-id=\"1201-c35\" class=\"h-text h-text-component style-2518 style-local-1201-c35 position-relative h-element\">\n                        <!---->\n                        <!---->\n                        <div class=\"\">\n                          <p>En nuestras unidades, seg\u00fan corresponda, usted podr\u00e1 recibir orientaci\u00f3n en materias:<\/p>\n                          <p><span style=\"font-weight: 600;\">Familia:<\/span>&nbsp;Alimentos mayores y menores, violencia intrafamiliar, cuidado personal, adopciones, reclamaciones de paternidad, separaciones, divorcio, r\u00e9gimen comunicacional, otro.<\/p>\n                          <p><span style=\"font-weight: 600;\">Civiles: <\/span>Juicios de arrendamiento, rectificaci\u00f3n de partidas de nacimiento, matrimonio y defunci\u00f3n, muerte presunta, juicios ordinarios (resoluci\u00f3n de contratos, nulidad de contratos), extrav\u00edo\n                            de documentos, interdicci\u00f3n por demencia, otros.<\/p>\n                          <p><span style=\"font-weight: 600;\">Centros de Mediaci\u00f3n: <\/span>Conflictos vecinales, comunales y penales, otros.<\/p>\n                          <p><span style=\"font-weight: 600;\">Laborales:<\/span> Despido injustificado, nulidad de despido, cese de prestaciones, desafuero sindical, desafuero maternal, accidentes del trabajo, otros.<\/p>\n                          <p><span style=\"font-weight: 600;\">Atenci\u00f3n a V\u00edctimas Delitos Violentos: <\/span>Homicidio, parricidio, secuestro, delitos sexuales, lesiones graves o grav\u00edsimas, cuasidelito de homicidio, cuasidelito de lesiones graves o grav\u00edsimas,\n                            robo con violencia o intimidaci\u00f3n, lesiones en contexto de VIF, otros.<\/p>\n                          <p><span style=\"font-weight: 600;\">Proceso Penal Antiguo: <\/span>Prescripciones, alzamiento de arraigos y \u00f3rdenes de aprehensi\u00f3n, omisi\u00f3n y\/o eliminaci\u00f3n de antecedentes, justicia militar, otros.<\/p>\n                        <\/div>\n                      <\/div>\n                    <\/div>\n                  <\/div>\n                <\/div>\n              <\/div>\n            <\/div>\n          <\/div>\n        <\/div>\n      <\/div>\n    <\/div>\n  <\/div>\n  <div data-colibri-component=\"section\" data-colibri-id=\"1201-c39\" id=\"familia\" class=\"h-section h-section-global-spacing d-flex align-items-lg-center align-items-md-center align-items-center style-2576 style-local-1201-c39 position-relative\">\n    <!---->\n    <!---->\n    <div class=\"h-section-grid-container h-section-boxed-container\">\n      <div data-colibri-id=\"1201-c51\" class=\"h-row-container gutters-row-lg-2 gutters-row-md-2 gutters-row-0 gutters-row-v-lg-2 gutters-row-v-md-2 gutters-row-v-2 style-2596 style-local-1201-c51 position-relative\">\n        <!---->\n        <div class=\"h-row justify-content-lg-center justify-content-md-center justify-content-center align-items-lg-stretch align-items-md-stretch align-items-stretch gutters-col-lg-2 gutters-col-md-2 gutters-col-0 gutters-col-v-lg-2 gutters-col-v-md-2 gutters-col-v-2\">\n          <!---->\n          <div class=\"h-column h-column-container d-flex h-col-lg-auto h-col-md-auto h-col-auto style-2597-outer style-local-1201-c52-outer\">\n            <div data-colibri-id=\"1201-c52\" class=\"d-flex h-flex-basis h-column__inner h-px-lg-2 h-px-md-2 h-px-2 v-inner-lg-2 v-inner-md-2 v-inner-2 style-2597 style-local-1201-c52 position-relative\">\n              <!---->\n              <!---->\n              <div class=\"w-100 h-y-container h-column__content h-column__v-align flex-basis-100 align-self-lg-start align-self-md-start align-self-start\">\n                <!---->\n                <div data-colibri-id=\"1201-c53\" class=\"h-global-transition-all h-heading style-2598 style-local-1201-c53 position-relative h-element\">\n                  <!---->\n                  <div class=\"h-heading__outer style-2598 style-local-1201-c53\">\n                    <!---->\n                    <!---->\n                    <h3 class=\"\">Materias de familia<\/h3>\n                  <\/div>\n                <\/div>\n              <\/div>\n            <\/div>\n          <\/div>\n        <\/div>\n      <\/div>\n      <div data-colibri-id=\"1201-c40\" class=\"h-row-container gutters-row-lg-2 gutters-row-md-2 gutters-row-2 gutters-row-v-lg-2 gutters-row-v-md-2 gutters-row-v-2 style-2577 style-local-1201-c40 position-relative\">\n        <!---->\n        <div class=\"h-row justify-content-lg-center justify-content-md-center justify-content-center align-items-lg-stretch align-items-md-stretch align-items-stretch gutters-col-lg-2 gutters-col-md-2 gutters-col-2 gutters-col-v-lg-2 gutters-col-v-md-2 gutters-col-v-2\">\n          <!---->\n          <div class=\"h-column h-column-container d-flex h-col-lg h-col-md-auto h-col-auto style-2578-outer style-local-1201-c41-outer\">\n            <div data-colibri-id=\"1201-c41\" class=\"d-flex h-flex-basis h-column__inner h-px-lg-2 h-px-md-2 h-px-2 v-inner-lg-2 v-inner-md-2 v-inner-2 style-2578 style-local-1201-c41 position-relative\">\n              <!---->\n              <!---->\n              <div class=\"w-100 h-y-container h-column__content h-column__v-align flex-basis-100 align-self-lg-start align-self-md-start align-self-start\">\n                <!---->\n                <div data-colibri-component=\"tabs\" data-colibri-id=\"1201-c42\" class=\"h-tabs h-tabs-horizontal h-tabs--horizontal--auto-lg h-tabs--horizontal--auto-md h-tabs--horizontal--full h-tabs h-tabs-horizontal h-tabs--horizontal--auto-lg h-tabs--horizontal--auto-md h-tabs--horizontal--full style-2579 style-local-1201-c42 position-relative h-element\">\n                  <!---->\n                  <div class=\"h-tabs-navigation d-flex h-tabs-navigation-horizontal\">\n                    <a href=\"#divorcio\" class=\"h-tabs-navigation-item d-flex align-items-center h-global-transition h-tabs-navigation-active-item h-custom-active-state\" rel=\"#divorcio\"><span class=\"h-svg-icon\"><!--Icon by Icons8 Line Awesome (https:\/\/icons8.com\/line-awesome)--><svg version=\"1.1\" xmlns=\"http:\/\/www.w3.org\/2000\/svg\" xmlns:xlink=\"http:\/\/www.w3.org\/1999\/xlink\" id=\"home\" viewBox=\"0 0 512 545.5\"><path d=\"M256 73.5l11.5 11 208 208-23 23L432 295v185H288V320h-64v160H80V295l-20.5 20.5-23-23 208-208zm0 45.5L112 263v185h80V288h128v160h80V263z\"><\/path><\/svg><\/span>                      <span class=\"h-tabs-navigation-item__text\">DIVORCIO<\/span><\/a>\n                    <a href=\"#alimentos\" class=\"h-tabs-navigation-item d-flex align-items-center h-global-transition\" rel=\"#alimentos\"><span class=\"h-svg-icon\"><!--Icon by Font Awesome (https:\/\/fontawesome.com)-->\n    <svg version=\"1.1\" xmlns=\"http:\/\/www.w3.org\/2000\/svg\" xmlns:xlink=\"http:\/\/www.w3.org\/1999\/xlink\" id=\"child\" viewBox=\"0 0 1280 1896.0833\">\n      <path d=\"M1188 548L896 840v824q0 46-33 79t-79 33-79-33-33-79v-384h-64v384q0 46-33 79t-79 33-79-33-33-79V840L92 548q-28-28-28-68t28-68q29-28 68.5-28t67.5 28l228 228h368l228-228q28-28 68-28t68 28q28 29 28 68.5t-28 67.5zM864 384q0 93-65.5 158.5T640 608t-158.5-65.5T416 384t65.5-158.5T640 160t158.5 65.5T864 384z\"><\/path>\n    <\/svg><\/span> <span class=\"h-tabs-navigation-item__text\">ALIMENTOS<\/span><\/a>\n                    <a href=\"#adopcion\" class=\"h-tabs-navigation-item d-flex align-items-center h-global-transition\" rel=\"#adopcion\"><span class=\"h-svg-icon\"><!--Icon by Socicon (http:\/\/www.socicon.com)--><svg version=\"1.1\" xmlns=\"http:\/\/www.w3.org\/2000\/svg\" viewBox=\"0 0 1500 1500\">\n\n<path d=\"M1246.5 697.5c-76.5-79.5-166.5-136.5-265.5-171-3-1.5-7.5-3-10.5-3 1.5-3 3-6 3-9 25.5-66 22.5-136.5-7.5-201-30-63-84-111-150-133.5-40.5-13.5-76.5-19.5-106.5-19.5 0 0-1.5 0-1.5 0s-15-24 30-121.5l-69-39c-6 9-12 16.5-18 25.5-22.5 31.5-43.5 61.5-64.5 90 0 0-1.5-1.5-1.5-1.5-19.5-22.5-46.5-34.5-75-36l-87-6c-1.5 0-4.5 0-6 0-57 0-105 45-109.5 102l-6 87c-3 60 42 111 102 115.5l67.5 4.5c-6 55.5 3 108 25.5 154.5-85.5 34.5-163.5 88.5-231 156-205.5 208.5-205.5 436.5-205.5 621v100.5l79.5-84c16.5 61.5 42 118.5 73.5 172.5h96c-52.5-70.5-88.5-153-105-241.5l133.5-141-63 198 99-72c193.5-141 424.5-172.5 687-96 111 33 219 3 276-76.5 4.5-6 9-12 12-19.5 7.5 34.5 10.5 70.5 10.5 105 0 97.5-16.5 231-85.5 345h91.5c49.5-97.5 75-214.5 75-345 0-168-70.5-334.5-193.5-460.5zM532.5 187.5l-1.5 15c-18 33-33 64.5-43.5 99l-79.5-4.5c-16.5-1.5-28.5-15-27-30l6-87c1.5-15 13.5-27 28.5-27 0 0 1.5 0 1.5 0l87 6c7.5 0 15 4.5 19.5 9 7.5 4.5 10.5 12 9 19.5zM946.5 823.5c-3 1.5-4.5 3-7.5 4.5-1.5 0-3 0-4.5 0-6 0-10.5-3-15-7.5l-19.5-22.5-66 54c-1.5 1.5-4.5 3-9 3s-9-1.5-12-6l-30-36c-4.5-6-4.5-16.5 1.5-21l66-54-25.5-33-33 27c-3 1.5-6 3-9 3-4.5 0-9-1.5-10.5-6l-7.5-7.5c-4.5-6-4.5-16.5 1.5-21l31.5-27-66-81c-7.5-9-6-21 3-27 3-3 7.5-4.5 12-4.5 6 0 10.5 3 15 7.5l186 228c7.5 7.5 6 21-1.5 27zM652.5 1335c0 33.138-26.862 60-60 60s-60-26.862-60-60c0-33.138 26.862-60 60-60s60 26.862 60 60zM1023 1335c0 33.138-26.862 60-60 60s-60-26.862-60-60c0-33.138 26.862-60 60-60s60 26.862 60 60zM429.565 251.489l3.231-52.4 52.4 3.231-3.231 52.4-52.4-3.231z\"><\/path>\n<\/svg>\n<\/span> <span class=\"h-tabs-navigation-item__text\">ADOPCI\u00d3N<\/span><\/a>\n                    <a href=\"#violencia-intrafamiliar\" class=\"h-tabs-navigation-item d-flex align-items-center h-global-transition\" rel=\"#violencia-intrafamiliar\"><span class=\"h-svg-icon\"><!--Icon by Icons8 Line Awesome (https:\/\/icons8.com\/line-awesome)--><svg version=\"1.1\" xmlns=\"http:\/\/www.w3.org\/2000\/svg\" xmlns:xlink=\"http:\/\/www.w3.org\/1999\/xlink\" id=\"medkit\" viewBox=\"0 0 512 545.5\"><path d=\"M224 112h64c17.49 0 32 14.51 32 32v16h96c26.32 0 48 21.68 48 48v240H48V208c0-26.32 21.68-48 48-48h96v-16c0-17.49 14.51-32 32-32zm0 32v16h64v-16h-64zM96 192c-9.04 0-16 6.96-16 16v208h352V208c0-9.04-6.96-16-16-16H96zm144 48h32v48h48v32h-48v48h-32v-48h-48v-32h48v-48z\"><\/path><\/svg><\/span>                      <span class=\"h-tabs-navigation-item__text\">VIOLENCIA INTRAFAMILIAR<\/span><\/a>\n                  <\/div>\n                  <div id=\"divorcio\" skip-smooth-scroll=\"true\" skip-scroll-spy=\"true\" data-colibri-id=\"1201-c43\" class=\"h-tabs-item-content h-tabs-item h-tabs-content-horizontal h-tabs-content-1201-c43 style-2586 style-local-1201-c43 position-relative h-element h-tabs-content-active\">\n                    <!---->\n                    <div class=\"w-100 h-y-container\">\n                      <!---->\n                      <div data-colibri-id=\"1201-c44\" class=\"h-text h-text-component style-2589 style-local-1201-c44 position-relative h-element\">\n                        <!---->\n                        <!---->\n                        <div class=\"\">\n                          <p><strong>\u00bfQu\u00e9 es el divorcio?<\/strong><\/p>\n                          <p>Es una de las formas de t\u00e9rmino del matrimonio; que requiere ser declarado por el juez de familia competente mediante una sentencia definitiva.<\/p>\n                          <p>Algunos de los efectos del divorcio son la p\u00e9rdida del v\u00ednculo matrimonial y, por tanto, la p\u00e9rdida de los derechos que se fundan en la calidad de c\u00f3nyuges, como lo es el derecho de pedir alimentos respecto del c\u00f3nyuge y tambi\u00e9n\n                            la p\u00e9rdida de los derechos hereditarios. En relaci\u00f3n con los hijos del matrimonio, el divorcio de los padres no afecta en absoluto los derechos hereditarios ni de alimentos de los hijos.<\/p>\n                          <p><strong>\u00bfC\u00f3mo se obtiene el divorcio?&nbsp;&nbsp;<\/strong>El divorcio puede pedirse:&nbsp;<\/p>\n                          <p><strong>1.- De mutuo acuerdo<\/strong>,&nbsp;cuando los c\u00f3nyuges tienen un a\u00f1o de separados de hecho como m\u00ednimo y est\u00e1n de acuerdo en los siguientes puntos:<\/p>\n                          <ol>\n                            <li>Respecto de sus relaciones mutuas: deben regular los alimentos entre c\u00f3nyuges si procediere; deben pronunciarse sobre los bienes comunes si los hubiere y deben ponerse de acuerdo sobre la fijaci\u00f3n de una eventual compensaci\u00f3n\n                              econ\u00f3mica.<\/li>\n                            <li>Respecto de los hijos: deben regular alimentos a los hijos con derecho a ellos; establecer que c\u00f3nyuge quedar\u00e1 al cuidado de los hijos menores de 18 a\u00f1os y deben fijar el r\u00e9gimen comunicacional para el progenitor que no vive\n                              con los hijos.<\/li>\n                          <\/ol>\n                          <p><strong>2. Unilateralmente por cese de la convivencia.<\/strong><\/p>\n                          <p>Si uno de los c\u00f3nyuges no est\u00e1 de acuerdo con el divorcio, el otro puede demandarlo unilateralmente, siempre que este separado de hecho 3 a\u00f1os o m\u00e1s.<\/p>\n                          <p><strong>3.- Unilateralmente por culpa<\/strong>. En este caso no se necesitan los tres a\u00f1os de separaci\u00f3n de hecho como m\u00ednimo, pero se debe probar en juicio una violaci\u00f3n grave a los deberes del matrimonio o violaci\u00f3n grave a\n                            los deberes para con los hijos. La ley de matrimonio civil describe algunos hechos constitutivos de esta causal:<\/p>\n                          <ol>\n                            <li>Atentado contra la vida o malos tratos de obra o de palabra contra el c\u00f3nyuge o uno de los hijos; en otras palabras, es causal de divorcio tanto las agresiones graves f\u00edsicas como psicol\u00f3gicas;<\/li>\n                            <li>Infracci\u00f3n grave y reiterada a los deberes de convivencia, socorro y fidelidad; el abandono continuo o reiterado del hogar com\u00fan es una causa de transgresi\u00f3n grave de los deberes del matrimonio;<\/li>\n                            <li>Haber sido condenado uno de los c\u00f3nyuges por un delito contra el orden de las familias, y contra la moralidad p\u00fablica, o contra las personas, que involucre una grave ruptura de la armon\u00eda conyugal;<\/li>\n                            <li>Alcoholismo o drogadicci\u00f3n que constituya impedimento grave para la convivencia entre los c\u00f3nyuges o entre estos y los hijos; y<\/li>\n                            <li>Tentativa para prostituir al otro c\u00f3nyuge o a los hijos.<\/li>\n                          <\/ol>\n                          <p>\n                            <br>\n                          <\/p>\n                        <\/div>\n                      <\/div>\n                    <\/div>\n                  <\/div>\n                  <div id=\"alimentos\" skip-smooth-scroll=\"true\" skip-scroll-spy=\"true\" data-colibri-id=\"1201-c45\" class=\"h-tabs-item-content h-tabs-item h-tabs-content-horizontal h-tabs-content-1201-c45 style-2630 style-local-1201-c45 position-relative h-element hide\">\n                    <!---->\n                    <div class=\"w-100 h-y-container\">\n                      <!---->\n                      <div data-colibri-id=\"1201-c46\" class=\"h-text h-text-component style-2633 style-local-1201-c46 position-relative h-element\">\n                        <!---->\n                        <!---->\n                        <div class=\"\">\n                          <p><strong>\u00bfQu\u00e9 es la pensi\u00f3n de alimentos?<\/strong><\/p>\n                          <p>Por pensi\u00f3n de alimentos se entiende todo lo indispensable para subsistir adecuadamente, resguardando el desarrollo integral del beneficiario o alimentario, esto incluye alimentaci\u00f3n, habitaci\u00f3n, vestuario, asistencia m\u00e9dica\n                            y educaci\u00f3n entre otras.&nbsp;&nbsp;<\/p>\n                          <p><strong>\u00bfQu\u00e9 hago para demandar la mantenci\u00f3n de los hijos? <\/strong><\/p>\n                          <p>Para demandar por pensi\u00f3n de alimentos debe asistir a un Centro de Mediaci\u00f3n Familiar como requisito previo y obligatorio, y solo en caso de no arribar a acuerdo le entregar\u00e1n un certificado de mediaci\u00f3n frustrada con el que\n                            podr\u00e1 iniciar su tr\u00e1mite de pensi\u00f3n de alimentos. Mas informaci\u00f3n en\n                            <a href=\"http:\/\/www.mediacionchile.cl\" class=\"customize-unpreviewable\">www.mediacionchile.cl<\/a>\n                          <\/p>\n                          <p>Con su certificado de mediaci\u00f3n frustrada se puede dirigir a la Corporaci\u00f3n de Asistencia Judicial de la comuna de su domicilio.<\/p>\n                          <p>Para la interposici\u00f3n de una demanda de Alimentos, no debe existir regulaci\u00f3n anterior de alimentos.<\/p>\n                          <p>La pensi\u00f3n de alimentos se regula considerando las necesidades que tengan los beneficiarios de la misma (alimentario) y la capacidad econ\u00f3mica del demandado (alimentante).<\/p>\n                          <p>No obstante lo anterior, la ley establece un monto m\u00ednimo de pensi\u00f3n de alimentos que puede disminuir o aumentar seg\u00fan los ingresos del demandado. En atenci\u00f3n a lo anterior si es un hijo\/a se fija un piso m\u00ednimo del 40% de un\n                            ingreso m\u00ednimo remuneracional y si son dos o m\u00e1s hijos\/as se fija el 30% de un ingreso m\u00ednimo remuneracional por cada hijo\/a.<\/p>\n                          <p>Las pensiones de alimentos por ley deben quedar establecidas en UTM, y ser\u00e1n pagadas en una cuenta vista del Banco Estado que el tribunal abre en forma interna y que asocia a su n\u00famero de causa.<\/p>\n                          <p>El Juez o Jueza por ley deber\u00e1 tambi\u00e9n establecer la proporci\u00f3n en que los padres aportar\u00e1n a los <strong>gastos extraordinarios<\/strong> de acuerdo a su capacidad econ\u00f3mica, entendiendo por estos, aquellos gastos que no fueron\n                            posible prever al momento de regular la pensi\u00f3n.&nbsp;<\/p>\n                          <p><strong>\u00bfPuede modificarse el monto de los alimentos?<\/strong><\/p>\n                          <p>Una vez regulada una pensi\u00f3n de alimentos, esta puede ser AUMENTADA o REBAJADA, debiendo concurrir en forma previa a un Centro de Mediaci\u00f3n Familiar.<\/p>\n                          <p>1. Para <strong>aumentar el monto de la pensi\u00f3n de alimentos,<\/strong> hay que evaluar si han variado las circunstancias que se tuvieron a la vista al momento de fijar los alimentos anteriormente vigentes.&nbsp;Esto es, si existe\n                            un aumento de las necesidades de los beneficiarios o alimentarios, y si la capacidad econ\u00f3mica de la parte demandada o alimentante ha aumentado.<\/p>\n                          <p><strong>2. <\/strong>Para <strong>rebajar el monto de la pensi\u00f3n de alimentos <\/strong>se debe acreditar que han variado las circunstancias que se tuvieron a la vista al momento de fijar los alimentos anteriormente vigentes, esto\n                            es, que su capacidad econ\u00f3mica se ha visto disminuida, sea por sus actuales ingresos, cesant\u00eda, condici\u00f3n de salud, nuevas cargas de familia u otros antecedentes que se eval\u00faen.&nbsp;Conforme a lo anterior se debe tener presente\n                            que con fecha 20 de mayo de 2023 entra en vigencia la Ley de Responsabilidad Parental y Pago Efectivo de las Pensiones de Alimentos, ley que establece que NO ser\u00e1n admitidas a tramitaci\u00f3n las demandas de rebaja de alimentos\n                            cuyo demandante se encuentre el REGISTRO NACIONAL DE DEUDORES.&nbsp;<\/p>\n                          <p><strong>\u00bfHasta qu\u00e9 edad se paga la pensi\u00f3n de alimentos?<\/strong><\/p>\n                          <ol>\n                            <li>Si los alimentos que desea cesar est\u00e1n fijados en favor de sus hijos o hijas: se hace presente que los alimentos son exigibles hasta los 21 a\u00f1os, salvo que est\u00e9 estudiando, en ese caso la obligaci\u00f3n se extiende hasta los 28\n                              a\u00f1os, si se mantiene estudiado.&nbsp;<\/li>\n                            <li>Si los alimentos que desea cesar est\u00e1n fijados en favor de su c\u00f3nyuge, para dar t\u00e9rmino a esta pensi\u00f3n debe haber cesado la causa que habilita a demandar, por tanto, el matrimonio debe estar disuelto, sea por sentencia de divorcio\n                              o nulidad, o fallecimiento del c\u00f3nyuge.<\/li>\n                            <li>En el caso de incapacidad mental o f\u00edsica del beneficiario o alimentario, que lo inhabilite para subsistir por s\u00ed mismo o que el juez lo considere indispensable para su subsistencia, se entiende concedida la pensi\u00f3n para toda\n                              la vida del beneficiario o alimentario.<\/li>\n                            <li>Las pensiones no cesan por si solas, debe solicitarse previa mediaci\u00f3n familiar.<\/li>\n                            <li>Se hace presente que con fecha 20 de mayo de 2023 entr\u00f3 en vigencia la Ley de Responsabilidad Parental y Pago Efectivo de las Pensiones de Alimentos, dicha ley establece que NO ser\u00e1n admitidas a tramitaci\u00f3n las demandas de\n                              CESE de alimentos cuyo demandante se encuentre el REGISTRO NACIONAL DE DEUDORES.<\/li>\n                          <\/ol>\n                          <p><strong>\u00bfQu\u00e9 hago si no me pagan la pensi\u00f3n de alimentos?<\/strong><\/p>\n                          <p>Ante el no pago de la pensi\u00f3n se puede dar inicio a una causa de cumplimiento de la misma, para ello se abre una causa distinta, en ella se puede solicitar la liquidaci\u00f3n de lo adeudado, y solicitar los apercibimientos y apremios\n                            que la ley nos permite para obtener el pago \u00edntegro de lo adeudado.<\/p>\n                          <p>Para solicitar el cumplimiento de la pensi\u00f3n la ley no exige el patrocinio de abogado, pudiendo acceder con clave \u00fanica a trav\u00e9s de la p\u00e1gina\n                            <a href=\"http:\/\/www.oficinajudicialvirtual.cl\" class=\"customize-unpreviewable\">www.oficinajudicialvirtual.cl<\/a> , y hacer sus solicitudes por <strong>TR\u00c1MITE F\u00c1CIL<\/strong>.<\/p>\n                          <p>\n                            <br>\n                          <\/p>\n                        <\/div>\n                      <\/div>\n                    <\/div>\n                  <\/div>\n                  <div id=\"adopcion\" skip-smooth-scroll=\"true\" skip-scroll-spy=\"true\" data-colibri-id=\"1201-c47\" class=\"h-tabs-item-content h-tabs-item h-tabs-content-horizontal h-tabs-content-1201-c47 style-2690 style-local-1201-c47 position-relative h-element hide\">\n                    <!---->\n                    <div class=\"w-100 h-y-container\">\n                      <!---->\n                      <div data-colibri-id=\"1201-c48\" class=\"h-text h-text-component style-2693 style-local-1201-c48 position-relative h-element\">\n                        <!---->\n                        <!---->\n                        <div class=\"\">\n                          <p><strong>\u00bfQu\u00e9 es la adopci\u00f3n?<\/strong><\/p>\n                          <p>Es la relaci\u00f3n jur\u00eddica de parentesco que se establece por medio de sentencia judicial que reconoce la calidad de hijo a un ni\u00f1o, ni\u00f1a o adolescente, llamado adoptado, respecto de sus padres no biol\u00f3gicos, llamados adoptantes,\n                            y que tiene por finalidad otorgarle una familia que le brinde el afecto y todos los cuidados necesarios para permitir su pleno y armonioso desarrollo.<\/p>\n                          <p>La ley N\u00ba 19.620 que regula el sistema de adopci\u00f3n, establece que pueden adoptar los c\u00f3nyuges chilenos o extranjeros, con residencia permanente en Chile, que tengan 2 o m\u00e1s a\u00f1os de matrimonio, salvo que uno o ambos sean inf\u00e9rtiles,\n                            caso en el cual no se exige una duraci\u00f3n m\u00ednima del matrimonio. Deben ser mayores de 25 a\u00f1os de edad y menores de 60, con una diferencia m\u00ednima de 20 a\u00f1os con el adoptado. Se requiere, adem\u00e1s, que hayan sido evaluados como\n                            f\u00edsica, mental, psicol\u00f3gica y moralmente id\u00f3neos por el Servicio Nacional de Protecci\u00f3n Especializada a la Ni\u00f1ez y Adolescencia o alg\u00fan organismo acreditado ante \u00e9l para desarrollar programas de adopci\u00f3n; y no deben encontrarse\n                            inscritos en el Registro Nacional de Deudores de Pensiones de Alimentos.<\/p>\n                          <p>Asimismo, la ley de adopci\u00f3n establece un orden de prelaci\u00f3n entre los adoptantes, indicando que en primer lugar pueden adoptar los matrimonios chilenos o extranjeros con residencia permanente en Chile. A falta de ellos, los\n                            c\u00f3nyuges chilenos o extranjeros no residentes en Chile. Y a falta de matrimonios residentes en Chile o en el extranjero, pueden adoptar las personas solteras, divorciadas o viudas, chilenas o extranjeras, con residencia permanente\n                            en el pa\u00eds.<\/p>\n                          <p>La adopci\u00f3n solo procede respecto de ni\u00f1os, ni\u00f1as o adolescente que se encuentren en condiciones de ser adoptados, debiendo haberse acreditado en un procedimiento previo a la adopci\u00f3n la existencia de una causal de susceptibilidad\n                            de adopci\u00f3n y las ventajas que reportar\u00eda la adopci\u00f3n para ese ni\u00f1o, ni\u00f1a o adolescente en particular.<\/p>\n                          <p>Por \u00faltimo, se hace presente que la sentencia de adopci\u00f3n produce la extinci\u00f3n, para todos los efectos civiles, de los v\u00ednculos biol\u00f3gicos del adoptado con su familia de origen, salvo los impedimentos para contraer matrimonio,\n                            y le conceder\u00e1 al adoptado un nuevo estado civil de hijo respecto de \u00e9l o los adoptantes, con car\u00e1cter de irrevocable, produciendo a su respecto todos los derechos y obligaciones que existir\u00edan de tratarse de una filiaci\u00f3n\n                            por naturaleza, esto es, la autoridad paterna, la patria potestad, el derecho de alimentos, y los derechos hereditarios, desde el momento en que se inscribe la sentencia que concede la adopci\u00f3n a los solicitantes en el Servicio\n                            de Registro Civil e Identificaci\u00f3n.<\/p>\n                          <p>\n                            <br>\n                          <\/p>\n                        <\/div>\n                      <\/div>\n                    <\/div>\n                  <\/div>\n                  <div id=\"violencia-intrafamiliar\" skip-smooth-scroll=\"true\" skip-scroll-spy=\"true\" data-colibri-id=\"1201-c49\" class=\"h-tabs-item-content h-tabs-item h-tabs-content-horizontal h-tabs-content-1201-c49 style-2696 style-local-1201-c49 position-relative h-element hide\">\n                    <!---->\n                    <div class=\"w-100 h-y-container\">\n                      <!---->\n                      <div data-colibri-id=\"1201-c50\" class=\"h-text h-text-component style-2699 style-local-1201-c50 position-relative h-element\">\n                        <!---->\n                        <!---->\n                        <div class=\"\">\n                          <p><strong>\u00bfQu\u00e9 hacer en caso de violencia intrafamiliar?<\/strong><\/p>\n                          <p>La violencia intrafamiliar es una situaci\u00f3n de abuso de poder o maltrato, f\u00edsico o ps\u00edquico, de un miembro de la familia sobre otro. Puede darse a trav\u00e9s de golpes e incidentes graves, como tambi\u00e9n de insultos, mal manejo econ\u00f3mico,\n                            amenazas, chantajes, control de las actividades, abuso sexual, aislamiento de familiares y amistades, prohibici\u00f3n a trabajar fuera de la casa, abandono, humillaciones, o no respetar las opiniones.<\/p>\n                          <p>Ante un caso de violencia intrafamiliar el afectado tiene varias posibilidades:<\/p>\n                          <p>1\u00ba.- Denunciar la situaci\u00f3n de violencia en la Polic\u00eda de Investigaciones o Carabineros, quienes deben enviarla al Juzgado de Familia.<\/p>\n                          <p>2\u00ba.- Denunciar o interponer una demanda directamente en el Juzgado de Familia correspondiente al domicilio de la v\u00edctima.<\/p>\n                          <p>Cuando los actos, por su gravedad, constituyen cr\u00edmenes o delitos como lesiones graves o menos graves, intento de homicidio, violaci\u00f3n, amenaza, abusos deshonestos, etc. los antecedentes deben remitirse al Ministerio P\u00fablico.<\/p>\n                          <p>De igual forma, si estamos ante un caso de \u201cmaltrato habitual\u201d dicha circunstancia constituye un delito y como tal ya no corresponde su conocimiento al Juzgado de Familia sino que se deben remitir los antecedentes al Ministerio\n                            P\u00fablico.<\/p>\n                          <p>A trav\u00e9s de la interposici\u00f3n de la denuncia o la demanda se da inicio al juicio de violencia intrafamiliar.<\/p>\n                          <p>La denuncia puede ser oral o escrita, y consiste en poner en conocimiento de la justicia o de sus agentes el hecho de la violencia.<\/p>\n                          <p>La mera constancia ante Carabineros es distinta a la denuncia y a la demanda. En ella se registran las declaraciones sobre los hechos de violencia ante Carabineros, pero no da inicio al juicio, sirve \u00fanicamente como un antecedente.<\/p>\n                          <p>La denuncia de violencia debe contener: un relato de los hechos de violencia; la forma en que estos hechos afectan la salud; nombre, oficio y domicilio de la persona a la que se va a denunciar; y otros antecedentes importantes\n                            como: hechos anteriores a la violencia, otras denuncias por violencia, antecedentes criminales del agresor, existencia de amenazas de muerte o de lesiones graves.<\/p>\n                          <p>Estos antecedentes pueden servir de fundamento para solicitar una medida cautelar que puede ser la salida inmediata del denunciado o denunciada del hogar com\u00fan, la prohibici\u00f3n de acercamiento del agresor a la v\u00edctima (dicha prohibici\u00f3n\n                            se extiende al hogar de la v\u00edctima, su lugar de trabajo o cualquier lugar donde se encuentre o incluso tambi\u00e9n a comunicaci\u00f3n por redes sociales), rondas permanentes y llamados preferentes de Carabineros, entre otras. Luego\n                            de la denuncia o demanda, el tribunal proceder\u00e1 a ponerla en conocimiento del denunciado o demandado, cit\u00e1ndolo a una audiencia especial en el Juzgado de Familia.<\/p>\n                          <p>Cuando sufra una situaci\u00f3n de violencia intrafamiliar que deje alguna huella f\u00edsica acuda inmediatamente a un centro de salud para constatar lesiones; con estos antecedentes haga la denuncia.<\/p>\n                          <p>Es importante que al acudir a la entrevista con el abogado de la Corporaci\u00f3n lleve todos estos antecedentes y medios de prueba, tales como, lista de testigos, certificado de matrimonio, de nacimiento de hijos en com\u00fan para acreditar\n                            la relaci\u00f3n de familia, si a prop\u00f3sito de los actos de VIF ha sido atendida\/o en alg\u00fan Cesfam o centro de salud p\u00fablica, llevar certificados o nombre completo de profesional que la atendi\u00f3 para efectos de que se les solicite\n                            un informe por el tribunal, asimismo, si registran atenciones particulares en el \u00e1rea de salud mental, tener los nombres de dichos profesionales con el objeto de poder demostrar al tribunal el da\u00f1o emocional que le ha provocado\n                            la violencia intrafamiliar de la que es v\u00edctima.<\/p>\n                          <p>\n                            <br>\n                          <\/p>\n                          <p><strong>\u00bfQu\u00e9 hacer si un adulto es v\u00edctima de violencia intrafamiliar?<\/strong><\/p>\n                          <p>La violencia intrafamiliar es una situaci\u00f3n de abuso de poder o maltrato, f\u00edsico o ps\u00edquico, que tambi\u00e9n puede recaer sobre un adulto mayor. Puede darse tambi\u00e9n cuando los adultos mayores son relegados a espacios menores dentro\n                            de su vivienda, en caso de negligencia o maltrato f\u00edsico, psicol\u00f3gico, o econ\u00f3mico y debe denunciarse de la misma manera que el resto de los casos de violencia<\/p>\n                          <p>La violencia intrafamiliar que es de competencia de los tribunales de familia, es la violencia psicol\u00f3gica, la violencia f\u00edsica o cualquier tipo de delito, es de competencia de los tribunales de Garant\u00eda.<\/p>\n                          <p>El proceso por violencia intrafamiliar puede iniciarse por el mismo adulto mayor o por un tercero (ejemplo: parientes, vecinos, funcionario de un Cesfam). Se debe tener presente que, en caso de iniciarse por un tercero, esa denuncia\n                            o demanda debe ser ratificada por el adulto mayor, pues durante la audiencia preparatoria el Juez de Familia puede poner t\u00e9rmino al proceso a requerimiento de la v\u00edctima, si su voluntad fuere manifestada en forma libre y espont\u00e1nea.<\/p>\n                        <\/div>\n                      <\/div>\n                    <\/div>\n                  <\/div>\n                <\/div>\n              <\/div>\n            <\/div>\n          <\/div>\n        <\/div>\n      <\/div>\n    <\/div>\n  <\/div>\n  <div data-colibri-component=\"section\" data-colibri-id=\"1201-c54\" id=\"laborales\" class=\"h-section h-section-global-spacing d-flex align-items-lg-center align-items-md-center align-items-center style-2600 style-local-1201-c54 position-relative\">\n    <!---->\n    <!---->\n    <div class=\"h-section-grid-container h-section-boxed-container\">\n      <div data-colibri-id=\"1201-c64\" class=\"h-row-container gutters-row-lg-2 gutters-row-md-2 gutters-row-0 gutters-row-v-lg-2 gutters-row-v-md-2 gutters-row-v-2 style-2620 style-local-1201-c64 position-relative\">\n        <!---->\n        <div class=\"h-row justify-content-lg-center justify-content-md-center justify-content-center align-items-lg-stretch align-items-md-stretch align-items-stretch gutters-col-lg-2 gutters-col-md-2 gutters-col-0 gutters-col-v-lg-2 gutters-col-v-md-2 gutters-col-v-2\">\n          <!---->\n          <div class=\"h-column h-column-container d-flex h-col-lg-auto h-col-md-auto h-col-auto style-2621-outer style-local-1201-c65-outer\">\n            <div data-colibri-id=\"1201-c65\" class=\"d-flex h-flex-basis h-column__inner h-px-lg-2 h-px-md-2 h-px-2 v-inner-lg-2 v-inner-md-2 v-inner-2 style-2621 style-local-1201-c65 position-relative\">\n              <!---->\n              <!---->\n              <div class=\"w-100 h-y-container h-column__content h-column__v-align flex-basis-100 align-self-lg-start align-self-md-start align-self-start\">\n                <!---->\n                <div data-colibri-id=\"1201-c66\" class=\"h-global-transition-all h-heading style-2622 style-local-1201-c66 position-relative h-element\">\n                  <!---->\n                  <div class=\"h-heading__outer style-2622 style-local-1201-c66\">\n                    <!---->\n                    <!---->\n                    <h3 class=\"\">Materias Laborales<\/h3>\n                  <\/div>\n                <\/div>\n              <\/div>\n            <\/div>\n          <\/div>\n        <\/div>\n      <\/div>\n      <div data-colibri-id=\"1201-c55\" class=\"h-row-container gutters-row-lg-2 gutters-row-md-2 gutters-row-2 gutters-row-v-lg-2 gutters-row-v-md-2 gutters-row-v-2 style-2601 style-local-1201-c55 position-relative\">\n        <!---->\n        <div class=\"h-row justify-content-lg-center justify-content-md-center justify-content-center align-items-lg-stretch align-items-md-stretch align-items-stretch gutters-col-lg-2 gutters-col-md-2 gutters-col-2 gutters-col-v-lg-2 gutters-col-v-md-2 gutters-col-v-2\">\n          <!---->\n          <div class=\"h-column h-column-container d-flex h-col-lg-auto h-col-md-auto h-col-auto style-2602-outer style-local-1201-c56-outer\">\n            <div data-colibri-id=\"1201-c56\" class=\"d-flex h-flex-basis h-column__inner h-px-lg-2 h-px-md-2 h-px-2 v-inner-lg-2 v-inner-md-2 v-inner-2 style-2602 style-local-1201-c56 position-relative\">\n              <!---->\n              <!---->\n              <div class=\"w-100 h-y-container h-column__content h-column__v-align flex-basis-100 align-self-lg-start align-self-md-start align-self-start\">\n                <!---->\n                <div data-colibri-component=\"tabs\" data-colibri-id=\"1201-c57\" class=\"h-tabs h-tabs-horizontal h-tabs--horizontal--auto-lg h-tabs--horizontal--auto-md h-tabs--horizontal--full h-tabs h-tabs-horizontal h-tabs--horizontal--auto-lg h-tabs--horizontal--auto-md h-tabs--horizontal--full style-2603 style-local-1201-c57 position-relative h-element\">\n                  <!---->\n                  <div class=\"h-tabs-navigation d-flex h-tabs-navigation-horizontal\">\n                    <a href=\"#contrato\" class=\"h-tabs-navigation-item d-flex align-items-center h-global-transition h-tabs-navigation-active-item h-custom-active-state\" rel=\"#contrato\"><span class=\"h-svg-icon\"><!--Icon by Font Awesome (https:\/\/fontawesome.com)-->\n    <svg version=\"1.1\" xmlns=\"http:\/\/www.w3.org\/2000\/svg\" xmlns:xlink=\"http:\/\/www.w3.org\/1999\/xlink\" id=\"check-square-o\" viewBox=\"0 0 1664 1896.0833\">\n      <path d=\"M1408 930v318q0 119-84.5 203.5T1120 1536H288q-119 0-203.5-84.5T0 1248V416q0-119 84.5-203.5T288 128h832q63 0 117 25 15 7 18 23 3 17-9 29l-49 49q-10 10-23 10-3 0-9-2-23-6-45-6H288q-66 0-113 47t-47 113v832q0 66 47 113t113 47h832q66 0 113-47t47-113V994q0-13 9-22l64-64q10-10 23-10 6 0 12 3 20 8 20 29zm231-489l-814 814q-24 24-57 24t-57-24L281 825q-24-24-24-57t24-57l110-110q24-24 57-24t57 24l263 263 647-647q24-24 57-24t57 24l110 110q24 24 24 57t-24 57z\"><\/path>\n    <\/svg><\/span> <span class=\"h-tabs-navigation-item__text\">CONTRATO<\/span><\/a>\n                    <a href=\"#despido\" class=\"h-tabs-navigation-item d-flex align-items-center h-global-transition\" rel=\"#despido\"><span class=\"h-svg-icon\"><!--Icon by Font Awesome (https:\/\/fontawesome.com)-->\n    <svg version=\"1.1\" xmlns=\"http:\/\/www.w3.org\/2000\/svg\" xmlns:xlink=\"http:\/\/www.w3.org\/1999\/xlink\" id=\"user\" viewBox=\"0 0 1354.8114 1896.0833\">\n      <path d=\"M1280 1399q0 109-62.5 187t-150.5 78H213q-88 0-150.5-78T0 1399q0-85 8.5-160.5t31.5-152 58.5-131 94-89T327 832q131 128 313 128t313-128q76 0 134.5 34.5t94 89 58.5 131 31.5 152 8.5 160.5zm-256-887q0 159-112.5 271.5T640 896 368.5 783.5 256 512t112.5-271.5T640 128t271.5 112.5T1024 512z\"><\/path>\n    <\/svg><\/span> <span class=\"h-tabs-navigation-item__text\">DESPIDO<\/span><\/a>\n                    <a href=\"#fuero\" class=\"h-tabs-navigation-item d-flex align-items-center h-global-transition\" rel=\"#fuero\"><span class=\"h-svg-icon\"><!--Icon by Font Awesome (https:\/\/fontawesome.com)-->\n    <svg version=\"1.1\" xmlns=\"http:\/\/www.w3.org\/2000\/svg\" xmlns:xlink=\"http:\/\/www.w3.org\/1999\/xlink\" id=\"book\" viewBox=\"0 0 1664 1896.0833\">\n      <path d=\"M1639 478q40 57 18 129l-275 906q-19 64-76.5 107.5T1183 1664H260q-77 0-148.5-53.5T12 1479q-24-67-2-127 0-4 3-27t4-37q1-8-3-21.5t-3-19.5q2-11 8-21t16.5-23.5T52 1179q23-38 45-91.5t30-91.5q3-10 .5-30t-.5-28q3-11 17-28t17-23q21-36 42-92t25-90q1-9-2.5-32t.5-28q4-13 22-30.5t22-22.5q19-26 42.5-84.5T340 411q1-8-3-25.5t-2-26.5q2-8 9-18t18-23 17-21q8-12 16.5-30.5t15-35 16-36 19.5-32 26.5-23.5 36-11.5T556 134l-1 3q38-9 51-9h761q74 0 114 56t18 130l-274 906q-36 119-71.5 153.5T1025 1408H156q-27 0-38 15-11 16-1 43 24 70 144 70h923q29 0 56-15.5t35-41.5l300-987q7-22 5-57 38 15 59 43zm-1064 2q-4 13 2 22.5t20 9.5h608q13 0 25.5-9.5T1247 480l21-64q4-13-2-22.5t-20-9.5H638q-13 0-25.5 9.5T596 416zm-83 256q-4 13 2 22.5t20 9.5h608q13 0 25.5-9.5T1164 736l21-64q4-13-2-22.5t-20-9.5H555q-13 0-25.5 9.5T513 672z\"><\/path>\n    <\/svg><\/span> <span class=\"h-tabs-navigation-item__text\">FUERO<\/span><\/a>\n                  <\/div>\n                  <div id=\"contrato\" skip-smooth-scroll=\"true\" skip-scroll-spy=\"true\" data-colibri-id=\"1201-c58\" class=\"h-tabs-item-content h-tabs-item h-tabs-content-horizontal h-tabs-content-1201-c58 style-2604 style-local-1201-c58 position-relative h-element h-tabs-content-active\">\n                    <!---->\n                    <div class=\"w-100 h-y-container\">\n                      <!---->\n                      <div data-colibri-id=\"1201-c59\" class=\"h-text h-text-component style-2607 style-local-1201-c59 position-relative h-element\">\n                        <!---->\n                        <!---->\n                        <div class=\"\">\n                          <p><strong>\u00bfQu\u00e9 es un contrato de trabajo?<\/strong><\/p>\n                          <p>Es un acuerdo de voluntades, entre un trabajador y un empleador, por el cual el primero se compromete a prestar servicios personales, remuneradamente y bajo subordinaci\u00f3n del empleador, quien se compromete a pagar una remuneraci\u00f3n\n                            por los servicios prestados.<\/p>\n                          <p>Es muy importante el elemento de la subordinaci\u00f3n o dependencia bajo la cual se prestan los servicios. Muchas veces dicho requisito diferencia un contrato de trabajo de una relaci\u00f3n civil o a honorarios. <\/p>\n                          <p>El contrato de trabajo es consensual, por lo que para que nazca se requiere solamente el acuerdo de las partes, aun cuando no se suscriba por escrito. <\/p>\n                          <p>\n                            <br>\n                          <\/p>\n                          <p><strong>\u00bfQu\u00e9 menciones debe contener un contrato de trabajo?<\/strong><\/p>\n                          <p>Si bien el contrato de trabajo es consensual, bastando el mero acuerdo de voluntades, el empleador tiene el deber de escriturar el contrato de trabajo. El empleador el plazo de 15 d\u00edas para escriturar el contrato, o de 5 d\u00edas\n                            en algunos casos excepcionales.<\/p>\n                          <p>&nbsp;El contrato de trabajo tiene algunas cl\u00e1usulas m\u00ednimas:<\/p>\n                          <p>a)&nbsp;&nbsp;&nbsp;&nbsp;&nbsp;&nbsp;Lugar y fecha del contrato<\/p>\n                          <p>b)&nbsp;&nbsp;&nbsp;&nbsp;&nbsp;Individualizaci\u00f3n de las partes.<\/p>\n                          <p>c)&nbsp;&nbsp;&nbsp;&nbsp;&nbsp;&nbsp;Determinaci\u00f3n de la naturaleza de los servicios y del lugar o ciudad en que hayan de prestarse<\/p>\n                          <p>d)&nbsp;&nbsp;&nbsp;&nbsp;&nbsp;Monto, forma y periodo de pago de la remuneraci\u00f3n acordada.<\/p>\n                          <p>e)&nbsp;&nbsp;&nbsp;&nbsp;&nbsp;Duraci\u00f3n y distribuci\u00f3n de la jornada de trabajo.<\/p>\n                          <p>f)&nbsp;&nbsp;&nbsp;&nbsp;&nbsp;&nbsp;&nbsp;Plazo del contrato, si lo hubiese.<\/p>\n                          <p>Pueden incluirse otros pactos acordados, pero en ning\u00fan caso los acuerdos de las partes pueden afectar los derechos m\u00ednimos previstos por el propio C\u00f3digo del Trabajo, los que son irrenunciables.<\/p>\n                        <\/div>\n                      <\/div>\n                    <\/div>\n                  <\/div>\n                  <div id=\"despido\" skip-smooth-scroll=\"true\" skip-scroll-spy=\"true\" data-colibri-id=\"1201-c60\" class=\"h-tabs-item-content h-tabs-item h-tabs-content-horizontal h-tabs-content-1201-c60 style-2610 style-local-1201-c60 position-relative h-element hide\">\n                    <!---->\n                    <div class=\"w-100 h-y-container\">\n                      <!---->\n                      <div data-colibri-id=\"1201-c61\" class=\"h-text h-text-component style-2613 style-local-1201-c61 position-relative h-element\">\n                        <!---->\n                        <!---->\n                        <div class=\"\">\n                          <p><strong>\u00bfC\u00f3mo termina un contrato de trabajo?<\/strong><\/p>\n                          <p>Los contratos de trabajo solamente pueden terminar por las causales previstas en la ley. En general, las causales legales de t\u00e9rmino de la relaci\u00f3n laboral se encuentran en los art\u00edculos 159, 160 y 161 del C\u00f3digo del Trabajo.\n                            Excepcionalmente se encuentran algunas causales puntuales en otros pasajes del C\u00f3digo del Trabajo o en otros cuerpos legales (ejemplos: enfermedad contagiosa, cl\u00ednicamente calificada, en los casos de trabajadores de casa particular\n                            o la liquidaci\u00f3n concursal).<\/p>\n                          <p>Las causales del art\u00edculo 159 del C\u00f3digo del Trabajo son de car\u00e1cter objetivas, y no dar derecho a indemnizaci\u00f3n. Se incluyen: a) el mutuo acuerdo de las partes; b) la renuncia de trabajador; c) muerte del trabajador; d) vencimiento\n                            del plazo; e) conclusi\u00f3n del trabajo o servicio que dio origen al contrato; f) caso fortuito o fuerza mayor.<\/p>\n                          <p>A su vez, las causales del art\u00edculo 160 del citado C\u00f3digo, son aquellas que reprochan alguna conducta del trabajador, no dado tampoco derecho a indemnizaci\u00f3n, siendo las siguientes: a) algunas de las siguientes conductas indebidas\n                            de car\u00e1cter graves: falta de probidad del trabajador en el desempe\u00f1o de sus funciones, conductas de acoso sexual, v\u00edas de hecho ejercidas por el trabajador en contra del empleador o de cualquier trabajador que se desempe\u00f1e\n                            en la misma empresa, injurias proferidas por el trabajador al empleador, conducta inmoral del trabajador que afecte a la empresa donde se desempe\u00f1a; b) negociaciones que ejecute el trabajador dentro del giro del negocio y que\n                            hubieren sido prohibidas por escrito en el respectivo contrato por el empleador; c) no concurrencia del trabajador a sus labores sin causa justificadas (2 d\u00edas seguidos, 2 lunes en el mes, o tres d\u00edas en el mes, o los casos\n                            de trabajadores que tuvieren una actividad, faena o m\u00e1quina cuyo abandono o paralizaci\u00f3n signifique una perturbaci\u00f3n grave a la marcha de la obra); d) abandono del trabajo: salida intempestiva o negativa injustificada a trabajar;\n                            e) actos, omisiones o imprudencias temerarias que afecten a la seguridad o al funcionamiento del establecimiento, a la seguridad o salud de los trabajadores; f) perjuicio material causado intencionalmente en las instalaciones,\n                            maquinarias, herramientas, \u00fatiles de trabajo, productos o mercader\u00edas; o g) incumplimiento grave de las obligaciones que impone el contrato.<\/p>\n                          <p>Por \u00faltimo, las causales contempladas en el art\u00edculo 161 del C\u00f3digo del Trabajo son las de a) necesidades de la empresa que hagan necesaria la separaci\u00f3n de uno o m\u00e1s trabajadores y b) el desahucio por escrito del empleador para\n                            trabajadores que tengan poder para representar al empleador o que realicen funciones de trabajadores de casa particular. Estas causales tienen derecho a indemnizaci\u00f3n, la que se encuentra tarifada en la ley, dependiendo del\n                            monto de la \u00faltima remuneraci\u00f3n y de la antig\u00fcedad laboral.&nbsp;&nbsp;<\/p>\n                          <p>En general, en todas las causales de t\u00e9rmino de la relaci\u00f3n laboral el empleador debe enviarse una carta de comunicaci\u00f3n de despido, indicando causal y hechos. En las hip\u00f3tesis de renuncia o mutuo acuerdo, deben suscribirse ante\n                            determinados Ministros de Fe previstos en la ley (habitualmente Notario o Direcci\u00f3n del Trabajo).&nbsp;<\/p>\n                          <p>Tambi\u00e9n el contrato de trabajo puede terminar por despido indirecto del propio trabajador, siendo \u00e9ste quien pone t\u00e9rmino al contrato de trabajo, cuando es el empleador quien incurre en algunas de las causales del art\u00edculo 160\n                            del C\u00f3digo del Trabajo. Para utilizar la instituci\u00f3n del despido indirecto se debe redactar tambi\u00e9n una carta de comunicaci\u00f3n dirigida al empleador, la que es recomendable sea redactada por un abogado.<\/p>\n                          <p><strong>\u00bfQu\u00e9 hago si me despidieron injustificadamente?<\/strong><\/p>\n                          <p>En los casos de t\u00e9rmino de la relaci\u00f3n laboral, los trabajadores que no est\u00e9n de acuerdo con la causal, pueden presentar una demanda laboral para que los Tribunales declaren que la causal es injustificada, indebida, improcedente\n                            o carente de causa legal. Los Tribunales decidir\u00e1n, de acuerdo a la prueba del caso, si la causal estuvo bien o mal aplicada. Es importante que un abogado previamente eval\u00fae la viabilidad del caso, ya que no basta la mera disconformidad\n                            con la causal de t\u00e9rmino de la relaci\u00f3n laboral respectiva.<\/p>\n                          <p>Los plazos de caducidad para demandar son muy breves: 60 d\u00edas h\u00e1biles, contados desde la separaci\u00f3n, pudiendo suspenderse dicho plazo mientras dure la reclamaci\u00f3n ante la Direcci\u00f3n del Trabajo por el respectivo despido (tiempo\n                            entre el reclamo y el comparendo de conciliaci\u00f3n), no pudiendo en ning\u00fan caso exceder de 90 d\u00edas.<\/p>\n                          <p>Es importante tener claridad de que un trabajador puede comenzar con nuevo trabajo aun cuando quiera presentar una demanda judicial para discutir la causal de despido de un contrato de trabajo terminado. Tambi\u00e9n puede suscribir\n                            finiquito, teniendo presente que, para poder demandar, deber consignar una reserva en el respectivo finiquito se\u00f1alando someramente las prestaciones que demandar\u00e1, poniendo atenci\u00f3n tambi\u00e9n en las fechas consignadas en dicho\n                            documento respecto de la extensi\u00f3n de la relaci\u00f3n laboral y la causal de t\u00e9rmino de la relaci\u00f3n laboral que se se\u00f1ala.<\/p>\n                        <\/div>\n                      <\/div>\n                    <\/div>\n                  <\/div>\n                  <div id=\"fuero\" skip-smooth-scroll=\"true\" skip-scroll-spy=\"true\" data-colibri-id=\"1201-c62\" class=\"h-tabs-item-content h-tabs-item h-tabs-content-horizontal h-tabs-content-1201-c62 style-2615 style-local-1201-c62 position-relative h-element hide\">\n                    <!---->\n                    <div class=\"w-100 h-y-container\">\n                      <!---->\n                      <div data-colibri-id=\"1201-c63\" class=\"h-text h-text-component style-2618 style-local-1201-c63 position-relative h-element\">\n                        <!---->\n                        <!---->\n                        <div class=\"\">\n                          <p><strong>\u00bfQu\u00e9 efecto produce el fuero?<\/strong><\/p>\n                          <p>El empleador no podr\u00e1 poner t\u00e9rmino al contrato de los trabajadores beneficiados con fuero, a menos que cuente con una autorizaci\u00f3n previa del juez competente.<\/p>\n                          <p><strong>Fueros<\/strong>: Fuero trabajadores que participan en la constituci\u00f3n de un sindicato.<\/p>\n                          <p>Los trabajadores que participen en la constituci\u00f3n de un sindicato de empresa, de establecimiento de empresa o interempresa, gozan de fuero laboral desde los diez d\u00edas anteriores a la celebraci\u00f3n de la respectiva asamblea constitutiva\n                            y hasta treinta d\u00edas de realizada.<\/p>\n                          <p><strong>Fuero sindical:<\/strong>&nbsp;Los directores sindicales gozar\u00e1n de fuero desde la fecha de su elecci\u00f3n y hasta seis meses despu\u00e9s de haber cesado en el cargo.<\/p>\n                          <p><strong>Fuero del delegado sindical:<\/strong>&nbsp;Los trabajadores de una empresa que est\u00e9n afiliados a un sindicato interempresa o de trabajadores eventuales o transitorios, siempre que sean ocho o m\u00e1s y que no se hubiere elegido\n                            a uno de ellos como director del sindicato respectivo, pueden designar un delegado sindical, que goza del mismo fuero que los directores de un sindicato.<\/p>\n                          <p><strong>Fuero maternal:<\/strong>&nbsp;Este fuero protege a la madre durante todo el per\u00edodo de embarazo y hasta un a\u00f1o despu\u00e9s de terminado el per\u00edodo de post-natal.<\/p>\n                        <\/div>\n                      <\/div>\n                    <\/div>\n                  <\/div>\n                <\/div>\n              <\/div>\n            <\/div>\n          <\/div>\n        <\/div>\n      <\/div>\n    <\/div>\n  <\/div>\n  <div data-colibri-component=\"section\" data-colibri-id=\"1201-c67\" id=\"civiles\" class=\"h-section h-section-global-spacing d-flex align-items-lg-center align-items-md-center align-items-center style-2709 style-local-1201-c67 position-relative\">\n    <!---->\n    <!---->\n    <div class=\"h-section-grid-container h-section-boxed-container\">\n      <div data-colibri-id=\"1201-c75\" class=\"h-row-container gutters-row-lg-2 gutters-row-md-2 gutters-row-0 gutters-row-v-lg-2 gutters-row-v-md-2 gutters-row-v-2 style-2729 style-local-1201-c75 position-relative\">\n        <!---->\n        <div class=\"h-row justify-content-lg-center justify-content-md-center justify-content-center align-items-lg-stretch align-items-md-stretch align-items-stretch gutters-col-lg-2 gutters-col-md-2 gutters-col-0 gutters-col-v-lg-2 gutters-col-v-md-2 gutters-col-v-2\">\n          <!---->\n          <div class=\"h-column h-column-container d-flex h-col-lg-auto h-col-md-auto h-col-auto style-2730-outer style-local-1201-c76-outer\">\n            <div data-colibri-id=\"1201-c76\" class=\"d-flex h-flex-basis h-column__inner h-px-lg-2 h-px-md-2 h-px-2 v-inner-lg-2 v-inner-md-2 v-inner-2 style-2730 style-local-1201-c76 position-relative\">\n              <!---->\n              <!---->\n              <div class=\"w-100 h-y-container h-column__content h-column__v-align flex-basis-100 align-self-lg-start align-self-md-start align-self-start\">\n                <!---->\n                <div data-colibri-id=\"1201-c77\" class=\"h-global-transition-all h-heading style-2731 style-local-1201-c77 position-relative h-element\">\n                  <!---->\n                  <div class=\"h-heading__outer style-2731 style-local-1201-c77\">\n                    <!---->\n                    <!---->\n                    <h3 class=\"\">Materias Civiles<\/h3>\n                  <\/div>\n                <\/div>\n              <\/div>\n            <\/div>\n          <\/div>\n        <\/div>\n      <\/div>\n      <div data-colibri-id=\"1201-c68\" class=\"h-row-container gutters-row-lg-2 gutters-row-md-2 gutters-row-2 gutters-row-v-lg-2 gutters-row-v-md-2 gutters-row-v-2 style-2710 style-local-1201-c68 position-relative\">\n        <!---->\n        <div class=\"h-row justify-content-lg-center justify-content-md-center justify-content-center align-items-lg-stretch align-items-md-stretch align-items-stretch gutters-col-lg-2 gutters-col-md-2 gutters-col-2 gutters-col-v-lg-2 gutters-col-v-md-2 gutters-col-v-2\">\n          <!---->\n          <div class=\"h-column h-column-container d-flex h-col-lg-auto h-col-md-auto h-col-auto style-2711-outer style-local-1201-c69-outer\">\n            <div data-colibri-id=\"1201-c69\" class=\"d-flex h-flex-basis h-column__inner h-px-lg-2 h-px-md-2 h-px-2 v-inner-lg-2 v-inner-md-2 v-inner-2 style-2711 style-local-1201-c69 position-relative\">\n              <!---->\n              <!---->\n              <div class=\"w-100 h-y-container h-column__content h-column__v-align flex-basis-100 align-self-lg-start align-self-md-start align-self-start\">\n                <!---->\n                <div data-colibri-component=\"tabs\" data-colibri-id=\"1201-c70\" class=\"h-tabs h-tabs-horizontal h-tabs--horizontal--auto-lg h-tabs--horizontal--auto-md h-tabs--horizontal--full h-tabs h-tabs-horizontal h-tabs--horizontal--auto-lg h-tabs--horizontal--auto-md h-tabs--horizontal--full style-2712 style-local-1201-c70 position-relative h-element\">\n                  <!---->\n                  <div class=\"h-tabs-navigation d-flex h-tabs-navigation-horizontal\">\n                    <a href=\"#inmuebles-2\" class=\"h-tabs-navigation-item d-flex align-items-center h-global-transition h-tabs-navigation-active-item h-custom-active-state\" rel=\"#inmuebles-2\"><span class=\"h-svg-icon\"><!--Icon by Font Awesome (https:\/\/fontawesome.com)-->\n    <svg version=\"1.1\" xmlns=\"http:\/\/www.w3.org\/2000\/svg\" xmlns:xlink=\"http:\/\/www.w3.org\/1999\/xlink\" id=\"home\" viewBox=\"0 0 1664 1896.0833\">\n      <path d=\"M1408 992v480q0 26-19 45t-45 19H960v-384H704v384H320q-26 0-45-19t-19-45V992q0-1 .5-3t.5-3l575-474 575 474q1 2 1 6zm223-69l-62 74q-8 9-21 11h-3q-13 0-21-7L832 424l-692 577q-12 8-24 7-13-2-21-11l-62-74q-8-10-7-23.5T37 878l719-599q32-26 76-26t76 26l244 204V288q0-14 9-23t23-9h192q14 0 23 9t9 23v408l219 182q10 8 11 21.5t-7 23.5z\"><\/path>\n    <\/svg><\/span> <span class=\"h-tabs-navigation-item__text\">INMUEBLES<\/span><\/a>\n                    <a href=\"#arriendos\" class=\"h-tabs-navigation-item d-flex align-items-center h-global-transition\" rel=\"#arriendos\"><span class=\"h-svg-icon\"><!--Icon by Icons8 Line Awesome (https:\/\/icons8.com\/line-awesome)--><svg version=\"1.1\" xmlns=\"http:\/\/www.w3.org\/2000\/svg\" xmlns:xlink=\"http:\/\/www.w3.org\/1999\/xlink\" id=\"home\" viewBox=\"0 0 512 545.5\"><path d=\"M256 73.5l11.5 11 208 208-23 23L432 295v185H288V320h-64v160H80V295l-20.5 20.5-23-23 208-208zm0 45.5L112 263v185h80V288h128v160h80V263z\"><\/path><\/svg><\/span>                      <span class=\"h-tabs-navigation-item__text\">ARRIENDOS<\/span><\/a>\n                  <\/div>\n                  <div id=\"inmuebles-2\" skip-smooth-scroll=\"true\" skip-scroll-spy=\"true\" data-colibri-id=\"1201-c71\" class=\"h-tabs-item-content h-tabs-item h-tabs-content-horizontal h-tabs-content-1201-c71 style-2713 style-local-1201-c71 position-relative h-element h-tabs-content-active\">\n                    <!---->\n                    <div class=\"w-100 h-y-container\">\n                      <!---->\n                      <div data-colibri-id=\"1201-c72\" class=\"h-text h-text-component style-2716 style-local-1201-c72 position-relative h-element\">\n                        <!---->\n                        <!---->\n                        <div class=\"\">\n                          <p><strong>\u00bfQu\u00e9 hago si alguien posee un bien del que soy due\u00f1o?<\/strong><\/p>\n                          <p>El due\u00f1o de una cosa sea mueble o inmueble, como una casa, un departamento o un terreno, que haya perdido la posesi\u00f3n de dicha cosa tiene derecho a interponer una acci\u00f3n, llamada reivindicatoria, para recuperar la posesi\u00f3n perdida.\n                            Durante el juicio a que d\u00e9 lugar la interposici\u00f3n de esta acci\u00f3n, el demandante deber\u00e1 probar que es due\u00f1o de la cosa.<\/p>\n                          <p>Aquella persona que requiera los servicios de la Corporaci\u00f3n de Asistencia Judicial para que patrocine una causa de esta naturaleza, tendr\u00e1 que proporcionar documentos que permitan comprobar que es due\u00f1o de la cosa de que se\n                            trate, como boletas, facturas, escrituras, inscripciones, u otros antecedentes que permitan determinar la propiedad del bien. Sin estos antecedentes no se podr\u00e1 iniciar un proceso judicial.<\/p>\n                          <p><strong>\u00bfQu\u00e9 hago si alguien tiene un bien que yo pose\u00eda antes?<\/strong><\/p>\n                          <p>Ante esta situaci\u00f3n, existe un tipo de demanda que tiene el poseedor de una cosa, que ha perdido la posesi\u00f3n de la misma, para recuperarla. Durante el juicio deber\u00e1 probar que es poseedor de la cosa. Para esto no es necesario\n                            ser due\u00f1o de la cosa, sino que solo acreditar que se es poseedor (esto es que se tiene o se ten\u00eda el bien bajo su poder)<\/p>\n                          <p>Aquella persona que requiera los servicios de la Corporaci\u00f3n de Asistencia Judicial para que patrocine una causa de esta naturaleza, tendr\u00e1 que proporcionar documentos que permitan comprobar que es poseedor de la cosa, como boletas,\n                            facturas, escrituras, inscripciones, etc.<\/p>\n                          <p><strong>\u00bfQu\u00e9 puedo hacer si los l\u00edmites de mi propiedad no est\u00e1n claramente definidos?<\/strong><\/p>\n                          <p>Podemos encontrarnos frente a dos situaciones: No existe deslinde alguno entre dos predios o los existentes no coinciden con lo estipulado en las escrituras. <\/p>\n                          <p>Para el primer caso, se puede interponer una acci\u00f3n judicial en contra del due\u00f1o del predio colindante, para que a trav\u00e9s de esta y de un profesional designado por el tribunal, se determine correctamente el deslinde que divide\n                            ambos predios y con ello proceder a su cierre. <\/p>\n                          <p>Tambi\u00e9n tiene derecho para que su vecino concurra con la mitad de los gastos del cierre de la propiedad, en el l\u00edmite com\u00fan.<\/p>\n                          <p>En el caso que exista una separaci\u00f3n material (muro, reja, otros) pero esta no corresponde a los l\u00edmites indicados en los t\u00edtulos, se necesitar\u00e1 contar previamente con el informe de un profesional que as\u00ed lo se\u00f1ale (arquitecto,\n                            top\u00f3grafo, etc.) para as\u00ed interponer una acci\u00f3n reivindicatoria por aquella porci\u00f3n de terreno que necesito recuperar y que est\u00e1 siendo ocupada por mi vecino.<\/p>\n                        <\/div>\n                      <\/div>\n                    <\/div>\n                  <\/div>\n                  <div id=\"arriendos\" skip-smooth-scroll=\"true\" skip-scroll-spy=\"true\" data-colibri-id=\"1201-c73\" class=\"h-tabs-item-content h-tabs-item h-tabs-content-horizontal h-tabs-content-1201-c73 style-2719 style-local-1201-c73 position-relative h-element hide\">\n                    <!---->\n                    <div class=\"w-100 h-y-container\">\n                      <!---->\n                      <div data-colibri-id=\"1201-c74\" class=\"h-text h-text-component style-2722 style-local-1201-c74 position-relative h-element\">\n                        <!---->\n                        <!---->\n                        <div class=\"\">\n                          <p><strong>\u00bfQu\u00e9 es un arrendamiento?<\/strong><\/p>\n                          <p>El arrendamiento es un contrato en que las dos partes se obligan rec\u00edprocamente, la una a conceder el goce de una cosa y la otra a pagar por este goce un precio determinado.<\/p>\n                          <p>Una de las caracter\u00edsticas a destacar, es que \u00e9ste es un contrato consensual; esto quiere decir que para que exista no es necesario que est\u00e9 escrito, basta con que se haya acordado lo que se quiere arrendar y el pago de una renta\n                            por este arriendo. No obstante lo anterior, es recomendable que conste por escrito. Existen contratos tipo en librer\u00edas, como tambi\u00e9n pueden ser redactados por una de las partes o en una notar\u00eda<\/p>\n                          <p>En este contrato com\u00fanmente hay dos partes, un arrendador y un arrendatario. El arrendador, generalmente, es el due\u00f1o del bien que es entregado en arriendo a un arrendatario, qui\u00e9n a cambio de poder usarlo, pagar\u00e1 al arrendador\n                            una renta. La renta debe ser en dinero y generalmente se paga mensualmente.<\/p>\n                          <p><strong>\u00bfQu\u00e9 puedo hacer si la persona a quien arrend\u00e9 mi casa no me paga lo acordado?<\/strong><\/p>\n                          <p>Ante esta situaci\u00f3n, en la actualidad las personas tienen dos alternativas:<\/p>\n                          <p>El proceso antiguo, por el cual el arrendador puede poner t\u00e9rmino al contrato de arrendamiento suscrito con el arrendatario, por distintas causales, las cuales en resumen dicen relaci\u00f3n con incumplimiento de las obligaciones\n                            del contrato de arrendamiento. Por ejemplo, se destina la propiedad a un fin distinto para el cual fue arrendada o realizar modificaciones estructurales sin autorizaci\u00f3n (se instala un local comercial, cuando s\u00f3lo fue arrendada\n                            con fines de casa habitaci\u00f3n), o el no pago de la renta, entre otros.<\/p>\n                          <p>En segundo lugar, puede utilizar la ley conocida como \u201cDevu\u00e9lveme mi casa\u201d, que incluye un procedimiento m\u00e1s expedito y r\u00e1pido que busca, principalmente, el pago de las rentas y servicios b\u00e1sicos impagos.&nbsp;As\u00ed y para el caso\n                            que el arrendatario no pague lo adeudado al arrendador en el plazo m\u00e1ximo de 10 d\u00edas siguientes a la fecha que fue notificado de la demanda judicial (y no realice ninguna gesti\u00f3n o no se oponga fundadamente a la demanda), el\n                            Tribunal lo podr\u00e1 condenar al pago de los dineros que se reclaman y adem\u00e1s autorizar la expulsi\u00f3n del arrendatario de la propiedad con el auxilio de la fuerza p\u00fablica (de las polic\u00edas). Si el arrendatario demandado paga lo\n                            adeudado dentro del plazo de 10 d\u00edas, el juicio finaliza y las partes contin\u00faan con el contrato de arrendamiento<\/p>\n                        <\/div>\n                      <\/div>\n                    <\/div>\n                  <\/div>\n                <\/div>\n              <\/div>\n            <\/div>\n          <\/div>\n        <\/div>\n      <\/div>\n    <\/div>\n  <\/div>\n  <div data-colibri-component=\"section\" data-colibri-id=\"1201-c78\" id=\"cavi\" class=\"h-section h-section-global-spacing d-flex align-items-lg-center align-items-md-center align-items-center style-5737 style-local-1201-c78 position-relative\">\n    <!---->\n    <!---->\n    <div class=\"h-section-grid-container h-section-boxed-container\">\n      <div data-colibri-id=\"1201-c88\" class=\"h-row-container gutters-row-lg-2 gutters-row-md-2 gutters-row-0 gutters-row-v-lg-2 gutters-row-v-md-2 gutters-row-v-2 style-5757 style-local-1201-c88 position-relative\">\n        <!---->\n        <div class=\"h-row justify-content-lg-center justify-content-md-center justify-content-center align-items-lg-stretch align-items-md-stretch align-items-stretch gutters-col-lg-2 gutters-col-md-2 gutters-col-0 gutters-col-v-lg-2 gutters-col-v-md-2 gutters-col-v-2\">\n          <!---->\n          <div class=\"h-column h-column-container d-flex h-col-lg-auto h-col-md-auto h-col-auto style-5758-outer style-local-1201-c89-outer\">\n            <div data-colibri-id=\"1201-c89\" class=\"d-flex h-flex-basis h-column__inner h-px-lg-2 h-px-md-2 h-px-2 v-inner-lg-2 v-inner-md-2 v-inner-2 style-5758 style-local-1201-c89 position-relative\">\n              <!---->\n              <!---->\n              <div class=\"w-100 h-y-container h-column__content h-column__v-align flex-basis-100 align-self-lg-start align-self-md-start align-self-start\">\n                <!---->\n                <div data-colibri-id=\"1201-c90\" class=\"h-global-transition-all h-heading style-5759 style-local-1201-c90 position-relative h-element\">\n                  <!---->\n                  <div class=\"h-heading__outer style-5759 style-local-1201-c90\">\n                    <!---->\n                    <!---->\n                    <h3 class=\"\">Centro de Atenci\u00f3n de Victimas de Delitos Violentos<\/h3>\n                  <\/div>\n                <\/div>\n              <\/div>\n            <\/div>\n          <\/div>\n        <\/div>\n      <\/div>\n      <div data-colibri-id=\"1201-c79\" class=\"h-row-container gutters-row-lg-2 gutters-row-md-2 gutters-row-2 gutters-row-v-lg-2 gutters-row-v-md-2 gutters-row-v-2 style-5738 style-local-1201-c79 position-relative\">\n        <!---->\n        <div class=\"h-row justify-content-lg-center justify-content-md-center justify-content-center align-items-lg-stretch align-items-md-stretch align-items-stretch gutters-col-lg-2 gutters-col-md-2 gutters-col-2 gutters-col-v-lg-2 gutters-col-v-md-2 gutters-col-v-2\">\n          <!---->\n          <div class=\"h-column h-column-container d-flex h-col-lg-auto h-col-md-auto h-col-auto style-5739-outer style-local-1201-c80-outer\">\n            <div data-colibri-id=\"1201-c80\" class=\"d-flex h-flex-basis h-column__inner h-px-lg-2 h-px-md-2 h-px-2 v-inner-lg-2 v-inner-md-2 v-inner-2 style-5739 style-local-1201-c80 position-relative\">\n              <!---->\n              <!---->\n              <div class=\"w-100 h-y-container h-column__content h-column__v-align flex-basis-100 align-self-lg-start align-self-md-start align-self-start\">\n                <!---->\n                <div data-colibri-component=\"tabs\" data-colibri-id=\"1201-c81\" class=\"h-tabs h-tabs-vertical h-tabs--vertical--auto-lg h-tabs--vertical--auto-md h-tabs--vertical--full h-tabs h-tabs-vertical h-tabs--vertical--auto-lg h-tabs--vertical--auto-md h-tabs--vertical--full style-5740 style-local-1201-c81 position-relative h-element\">\n                  <!---->\n                  <div class=\"h-tabs-navigation d-flex h-tabs-navigation-vertical\">\n                    <a href=\"#que-significan-las-siglas-cavi-2\" class=\"h-tabs-navigation-item d-flex align-items-center h-global-transition h-tabs-navigation-active-item h-custom-active-state\" rel=\"#que-significan-las-siglas-cavi-2\">\n                      <!----><span class=\"h-tabs-navigation-item__text\">\u00bfQu\u00e9 significan las siglas CAVI?<\/span><\/a>\n                    <a href=\"#se-debe-pagar-por-los-servicios-del-cavi\" class=\"h-tabs-navigation-item d-flex align-items-center h-global-transition\" rel=\"#se-debe-pagar-por-los-servicios-del-cavi\">\n                      <!----><span class=\"h-tabs-navigation-item__text\">\u00bfSe debe pagar por los servicios del CAVI?<\/span><\/a>\n                    <a href=\"#para-ser-atendido-en-cavi-tengo-que-estar-en-el-registro-de-mayor-vulnerabilidad-economica\" class=\"h-tabs-navigation-item d-flex align-items-center h-global-transition\"\n                      rel=\"#para-ser-atendido-en-cavi-tengo-que-estar-en-el-registro-de-mayor-vulnerabilidad-economica\">\n                      <!----><span class=\"h-tabs-navigation-item__text\">\u00bfPara ser atendido en CAVI, tengo que estar en el registro de mayor vulnerabilidad econ\u00f3mica?<\/span><\/a>\n                  <\/div>\n                  <div id=\"que-significan-las-siglas-cavi-2\" skip-smooth-scroll=\"true\" skip-scroll-spy=\"true\" data-colibri-id=\"1201-c82\" class=\"h-tabs-item-content h-tabs-item h-tabs-content-vertical h-tabs-content-1201-c82 style-5741 style-local-1201-c82 position-relative h-element h-tabs-content-active\">\n                    <!---->\n                    <div class=\"w-100 h-y-container\">\n                      <!---->\n                      <div data-colibri-id=\"1201-c83\" class=\"h-text h-text-component style-5744 style-local-1201-c83 position-relative h-element\">\n                        <!---->\n                        <!---->\n                        <div class=\"\">\n                          <p>Son las siglas de Centro de Atenci\u00f3n a V\u00edctimas, unidad especializada de atenci\u00f3n a v\u00edctimas de delitos violentos de la Corporaci\u00f3n de Asistencia Judicial.&nbsp;<\/p>\n                        <\/div>\n                      <\/div>\n                    <\/div>\n                  <\/div>\n                  <div id=\"se-debe-pagar-por-los-servicios-del-cavi\" skip-smooth-scroll=\"true\" skip-scroll-spy=\"true\" data-colibri-id=\"1201-c84\" class=\"h-tabs-item-content h-tabs-item h-tabs-content-vertical h-tabs-content-1201-c84 style-5747 style-local-1201-c84 position-relative h-element hide\">\n                    <!---->\n                    <div class=\"w-100 h-y-container\">\n                      <!---->\n                      <div data-colibri-id=\"1201-c85\" class=\"h-text h-text-component style-5750 style-local-1201-c85 position-relative h-element\">\n                        <!---->\n                        <!---->\n                        <div class=\"\">\n                          <p>No, las atenciones del Centro de Atenci\u00f3n a V\u00edctimas son gratuitas durante todo el proceso en el que est\u00e9n siendo atendidos en el mismo. Esto, porque somos parte de la Corporaci\u00f3n de asistencia judicial, la cual es una instituci\u00f3n\n                            p\u00fablica del Estado.&nbsp;<\/p>\n                        <\/div>\n                      <\/div>\n                    <\/div>\n                  <\/div>\n                  <div id=\"para-ser-atendido-en-cavi-tengo-que-estar-en-el-registro-de-mayor-vulnerabilidad-economica\" skip-smooth-scroll=\"true\" skip-scroll-spy=\"true\" data-colibri-id=\"1201-c86\" class=\"h-tabs-item-content h-tabs-item h-tabs-content-vertical h-tabs-content-1201-c86 style-5752 style-local-1201-c86 position-relative h-element hide\">\n                    <!---->\n                    <div class=\"w-100 h-y-container\">\n                      <!---->\n                      <div data-colibri-id=\"1201-c87\" class=\"h-text h-text-component style-5755 style-local-1201-c87 position-relative h-element\">\n                        <!---->\n                        <!---->\n                        <div class=\"\">\n                          <p>No, para acceder a atenci\u00f3n en CAVI, s\u00f3lo debe haber sido v\u00edctima de un delito violento (del cat\u00e1logo de delitos que atiende en Centro), sin necesidad de demostrar su situaci\u00f3n socioecon\u00f3mica actual.&nbsp;<\/p>\n                        <\/div>\n                      <\/div>\n                    <\/div>\n                  <\/div>\n                <\/div>\n              <\/div>\n            <\/div>\n          <\/div>\n        <\/div>\n      <\/div>\n    <\/div>\n  <\/div>\n  <div data-colibri-component=\"section\" data-colibri-id=\"1201-c91\" id=\"scc\" class=\"h-section h-section-global-spacing d-flex align-items-lg-center align-items-md-center align-items-center style-5713 style-local-1201-c91 position-relative\">\n    <!---->\n    <!---->\n    <div class=\"h-section-grid-container h-section-boxed-container\">\n      <div data-colibri-id=\"1201-c99\" class=\"h-row-container gutters-row-lg-2 gutters-row-md-2 gutters-row-0 gutters-row-v-lg-2 gutters-row-v-md-2 gutters-row-v-2 style-5733 style-local-1201-c99 position-relative\">\n        <!---->\n        <div class=\"h-row justify-content-lg-center justify-content-md-center justify-content-center align-items-lg-stretch align-items-md-stretch align-items-stretch gutters-col-lg-2 gutters-col-md-2 gutters-col-0 gutters-col-v-lg-2 gutters-col-v-md-2 gutters-col-v-2\">\n          <!---->\n          <div class=\"h-column h-column-container d-flex h-col-lg-auto h-col-md-auto h-col-auto style-5734-outer style-local-1201-c100-outer\">\n            <div data-colibri-id=\"1201-c100\" class=\"d-flex h-flex-basis h-column__inner h-px-lg-2 h-px-md-2 h-px-2 v-inner-lg-2 v-inner-md-2 v-inner-2 style-5734 style-local-1201-c100 position-relative\">\n              <!---->\n              <!---->\n              <div class=\"w-100 h-y-container h-column__content h-column__v-align flex-basis-100 align-self-lg-start align-self-md-start align-self-start\">\n                <!---->\n                <div data-colibri-id=\"1201-c101\" class=\"h-global-transition-all h-heading style-5735 style-local-1201-c101 position-relative h-element\">\n                  <!---->\n                  <div class=\"h-heading__outer style-5735 style-local-1201-c101\">\n                    <!---->\n                    <!---->\n                    <h3 class=\"\">Soluci\u00f3n colaborativa de conflictos<\/h3>\n                  <\/div>\n                <\/div>\n              <\/div>\n            <\/div>\n          <\/div>\n        <\/div>\n      <\/div>\n      <div data-colibri-id=\"1201-c92\" class=\"h-row-container gutters-row-lg-2 gutters-row-md-2 gutters-row-2 gutters-row-v-lg-2 gutters-row-v-md-2 gutters-row-v-2 style-5714 style-local-1201-c92 position-relative\">\n        <!---->\n        <div class=\"h-row justify-content-lg-center justify-content-md-center justify-content-center align-items-lg-stretch align-items-md-stretch align-items-stretch gutters-col-lg-2 gutters-col-md-2 gutters-col-2 gutters-col-v-lg-2 gutters-col-v-md-2 gutters-col-v-2\">\n          <!---->\n          <div class=\"h-column h-column-container d-flex h-col-lg-auto h-col-md-auto h-col-auto style-5715-outer style-local-1201-c93-outer\">\n            <div data-colibri-id=\"1201-c93\" class=\"d-flex h-flex-basis h-column__inner h-px-lg-2 h-px-md-2 h-px-2 v-inner-lg-2 v-inner-md-2 v-inner-2 style-5715 style-local-1201-c93 position-relative\">\n              <!---->\n              <!---->\n              <div class=\"w-100 h-y-container h-column__content h-column__v-align flex-basis-100 align-self-lg-start align-self-md-start align-self-start\">\n                <!---->\n                <div data-colibri-component=\"tabs\" data-colibri-id=\"1201-c94\" class=\"h-tabs h-tabs-vertical h-tabs--vertical--auto-lg h-tabs--vertical--auto-md h-tabs--vertical--full h-tabs h-tabs-vertical h-tabs--vertical--auto-lg h-tabs--vertical--auto-md h-tabs--vertical--full style-5716 style-local-1201-c94 position-relative h-element\">\n                  <!---->\n                  <div class=\"h-tabs-navigation d-flex h-tabs-navigation-vertical\">\n                    <a href=\"#que-materias-se-pueden-tratar-en-los-centros-de-mediacion-de-la-corporacion\" class=\"h-tabs-navigation-item d-flex align-items-center h-global-transition h-tabs-navigation-active-item h-custom-active-state\" rel=\"#que-materias-se-pueden-tratar-en-los-centros-de-mediacion-de-la-corporacion\">\n                      <!----><span class=\"h-tabs-navigation-item__text\"> \u00bfQu\u00e9 materias se pueden tratar en los Centros de Mediaci\u00f3n de la Corporaci\u00f3n? <\/span><\/a>\n                    <a href=\"#los-centros-de-mediacion-de-la-caj-atienden-materias-de-familia\" class=\"h-tabs-navigation-item d-flex align-items-center h-global-transition\"\n                      rel=\"#los-centros-de-mediacion-de-la-caj-atienden-materias-de-familia\">\n                      <!----><span class=\"h-tabs-navigation-item__text\">\u00bfLos Centros de Mediaci\u00f3n de la CAJ atienden materias de familia?<\/span><\/a>\n                  <\/div>\n                  <div id=\"que-materias-se-pueden-tratar-en-los-centros-de-mediacion-de-la-corporacion\" skip-smooth-scroll=\"true\" skip-scroll-spy=\"true\" data-colibri-id=\"1201-c95\" class=\"h-tabs-item-content h-tabs-item h-tabs-content-vertical h-tabs-content-1201-c95 style-5717 style-local-1201-c95 position-relative h-element h-tabs-content-active\">\n                    <!---->\n                    <div class=\"w-100 h-y-container\">\n                      <!---->\n                      <div data-colibri-id=\"1201-c96\" class=\"h-text h-text-component style-5720 style-local-1201-c96 position-relative h-element\">\n                        <!---->\n                        <!---->\n                        <div class=\"\">\n                          <p>Nuestros centros atienden materias civiles tales como arriendo, cobro de deuda, incumplimiento de contratos, entrega de especies entre otras.&nbsp;Tambi\u00e9n comunitarias como ruidos molestos, mal manejo de la basura, tenencia irresponsable\n                            de mascota entre otras.<\/p>\n                        <\/div>\n                      <\/div>\n                    <\/div>\n                  <\/div>\n                  <div id=\"los-centros-de-mediacion-de-la-caj-atienden-materias-de-familia\" skip-smooth-scroll=\"true\" skip-scroll-spy=\"true\" data-colibri-id=\"1201-c97\" class=\"h-tabs-item-content h-tabs-item h-tabs-content-vertical h-tabs-content-1201-c97 style-5723 style-local-1201-c97 position-relative h-element hide\">\n                    <!---->\n                    <div class=\"w-100 h-y-container\">\n                      <!---->\n                      <div data-colibri-id=\"1201-c98\" class=\"h-text h-text-component style-5726 style-local-1201-c98 position-relative h-element\">\n                        <!---->\n                        <!---->\n                        <div class=\"\">\n                          <p>Nuestros centros no atienden materias de familia. Para regular por primera vez temas de familia deber\u00e1 dirigirse a los Centros de Mediaci\u00f3n de Familia licitados por el Estado. Esto corresponde a la comuna donde Ud., y sus hijos\n                            viven actualmente, informaci\u00f3n disponible en\n                            <a href=\"http:\/\/www.mediacionchile.gob.cl\">www.mediacionchile.gob.cl<\/a>\n                          <\/p>\n                        <\/div>\n                      <\/div>\n                    <\/div>\n                  <\/div>\n                <\/div>\n              <\/div>\n            <\/div>\n          <\/div>\n        <\/div>\n      <\/div>\n    <\/div>\n  <\/div>\n<\/div>","protected":false},"excerpt":{"rendered":"<p>NUESTRO SERVICIO MATERIAS DE FAMILIA MATERIAS LABORALES MATERIAS CIVILES atenci\u00f3n a victimas soluci\u00f3n colaborativa de conflictos Nuestro Servicio \u00bfQU\u00c9 SERVICIOS OTORGA LA CORPORACI\u00d3N DE ASISTENCIA JUDICIAL? \u00bfQUI\u00c9NES PUEDEN ACCEDER A LOS SERVICIOS DE LA CORPORACI\u00d3N DE ASISTENCIA JUDICIAL? \u00bfQU\u00c9 MATERIAS ATIENDE LA CAJ? Los servicios que otorga la Corporaci\u00f3n se dividen en dos dimensiones, asesor\u00eda [&hellip;]<\/p>\n","protected":false},"author":3,"featured_media":0,"parent":0,"menu_order":0,"comment_status":"closed","ping_status":"closed","template":"page-templates\/full-width-page.php","meta":{"footnotes":""},"class_list":["post-1201","page","type-page","status-publish","hentry"],"yoast_head":"<!-- This site is optimized with the Yoast SEO plugin v27.4 - https:\/\/yoast.com\/product\/yoast-seo-wordpress\/ -->\n<title>PREGUNTAS FRECUENTES - CAJVAL<\/title>\n<meta name=\"robots\" content=\"index, follow, max-snippet:-1, max-image-preview:large, max-video-preview:-1\" \/>\n<link rel=\"canonical\" href=\"https:\/\/cajval.cl\/index2.php\/index.php\/preguntas-frecuentes\/\" \/>\n<meta property=\"og:locale\" content=\"es_ES\" \/>\n<meta property=\"og:type\" content=\"article\" \/>\n<meta property=\"og:title\" content=\"PREGUNTAS FRECUENTES - CAJVAL\" \/>\n<meta property=\"og:description\" content=\"NUESTRO SERVICIO MATERIAS DE FAMILIA MATERIAS LABORALES MATERIAS CIVILES atenci\u00f3n a victimas soluci\u00f3n colaborativa de conflictos Nuestro Servicio \u00bfQU\u00c9 SERVICIOS OTORGA LA CORPORACI\u00d3N DE ASISTENCIA JUDICIAL? \u00bfQUI\u00c9NES PUEDEN ACCEDER A LOS SERVICIOS DE LA CORPORACI\u00d3N DE ASISTENCIA JUDICIAL? \u00bfQU\u00c9 MATERIAS ATIENDE LA CAJ? Los servicios que otorga la Corporaci\u00f3n se dividen en dos dimensiones, asesor\u00eda [&hellip;]\" \/>\n<meta property=\"og:url\" content=\"https:\/\/cajval.cl\/index2.php\/index.php\/preguntas-frecuentes\/\" \/>\n<meta property=\"og:site_name\" content=\"CAJVAL\" \/>\n<meta property=\"article:modified_time\" content=\"2024-05-15T18:59:23+00:00\" \/>\n<meta name=\"twitter:card\" content=\"summary_large_image\" \/>\n<script type=\"application\/ld+json\" class=\"yoast-schema-graph\">{\"@context\":\"https:\\\/\\\/schema.org\",\"@graph\":[{\"@type\":\"WebPage\",\"@id\":\"https:\\\/\\\/cajval.cl\\\/index2.php\\\/index.php\\\/preguntas-frecuentes\\\/\",\"url\":\"https:\\\/\\\/cajval.cl\\\/index2.php\\\/index.php\\\/preguntas-frecuentes\\\/\",\"name\":\"PREGUNTAS FRECUENTES - CAJVAL\",\"isPartOf\":{\"@id\":\"https:\\\/\\\/cajval.cl\\\/index2.php\\\/#website\"},\"datePublished\":\"2024-01-26T11:43:13+00:00\",\"dateModified\":\"2024-05-15T18:59:23+00:00\",\"breadcrumb\":{\"@id\":\"https:\\\/\\\/cajval.cl\\\/index2.php\\\/index.php\\\/preguntas-frecuentes\\\/#breadcrumb\"},\"inLanguage\":\"es\",\"potentialAction\":[{\"@type\":\"ReadAction\",\"target\":[\"https:\\\/\\\/cajval.cl\\\/index2.php\\\/index.php\\\/preguntas-frecuentes\\\/\"]}]},{\"@type\":\"BreadcrumbList\",\"@id\":\"https:\\\/\\\/cajval.cl\\\/index2.php\\\/index.php\\\/preguntas-frecuentes\\\/#breadcrumb\",\"itemListElement\":[{\"@type\":\"ListItem\",\"position\":1,\"name\":\"Portada\",\"item\":\"https:\\\/\\\/cajval.cl\\\/index2.php\\\/\"},{\"@type\":\"ListItem\",\"position\":2,\"name\":\"PREGUNTAS FRECUENTES\"}]},{\"@type\":\"WebSite\",\"@id\":\"https:\\\/\\\/cajval.cl\\\/index2.php\\\/#website\",\"url\":\"https:\\\/\\\/cajval.cl\\\/index2.php\\\/\",\"name\":\"CAJVAL\",\"description\":\"CAJVAL\",\"publisher\":{\"@id\":\"https:\\\/\\\/cajval.cl\\\/index2.php\\\/#organization\"},\"potentialAction\":[{\"@type\":\"SearchAction\",\"target\":{\"@type\":\"EntryPoint\",\"urlTemplate\":\"https:\\\/\\\/cajval.cl\\\/index2.php\\\/?s={search_term_string}\"},\"query-input\":{\"@type\":\"PropertyValueSpecification\",\"valueRequired\":true,\"valueName\":\"search_term_string\"}}],\"inLanguage\":\"es\"},{\"@type\":\"Organization\",\"@id\":\"https:\\\/\\\/cajval.cl\\\/index2.php\\\/#organization\",\"name\":\"CAJVAL\",\"url\":\"https:\\\/\\\/cajval.cl\\\/index2.php\\\/\",\"logo\":{\"@type\":\"ImageObject\",\"inLanguage\":\"es\",\"@id\":\"https:\\\/\\\/cajval.cl\\\/index2.php\\\/#\\\/schema\\\/logo\\\/image\\\/\",\"url\":\"https:\\\/\\\/cajval.cl\\\/wp-content\\\/uploads\\\/2024\\\/04\\\/LOGO3REGIONES.png\",\"contentUrl\":\"https:\\\/\\\/cajval.cl\\\/wp-content\\\/uploads\\\/2024\\\/04\\\/LOGO3REGIONES.png\",\"width\":625,\"height\":567,\"caption\":\"CAJVAL\"},\"image\":{\"@id\":\"https:\\\/\\\/cajval.cl\\\/index2.php\\\/#\\\/schema\\\/logo\\\/image\\\/\"}}]}<\/script>\n<!-- \/ Yoast SEO plugin. -->","yoast_head_json":{"title":"PREGUNTAS FRECUENTES - CAJVAL","robots":{"index":"index","follow":"follow","max-snippet":"max-snippet:-1","max-image-preview":"max-image-preview:large","max-video-preview":"max-video-preview:-1"},"canonical":"https:\/\/cajval.cl\/index2.php\/index.php\/preguntas-frecuentes\/","og_locale":"es_ES","og_type":"article","og_title":"PREGUNTAS FRECUENTES - CAJVAL","og_description":"NUESTRO SERVICIO MATERIAS DE FAMILIA MATERIAS LABORALES MATERIAS CIVILES atenci\u00f3n a victimas soluci\u00f3n colaborativa de conflictos Nuestro Servicio \u00bfQU\u00c9 SERVICIOS OTORGA LA CORPORACI\u00d3N DE ASISTENCIA JUDICIAL? \u00bfQUI\u00c9NES PUEDEN ACCEDER A LOS SERVICIOS DE LA CORPORACI\u00d3N DE ASISTENCIA JUDICIAL? \u00bfQU\u00c9 MATERIAS ATIENDE LA CAJ? Los servicios que otorga la Corporaci\u00f3n se dividen en dos dimensiones, asesor\u00eda [&hellip;]","og_url":"https:\/\/cajval.cl\/index2.php\/index.php\/preguntas-frecuentes\/","og_site_name":"CAJVAL","article_modified_time":"2024-05-15T18:59:23+00:00","twitter_card":"summary_large_image","schema":{"@context":"https:\/\/schema.org","@graph":[{"@type":"WebPage","@id":"https:\/\/cajval.cl\/index2.php\/index.php\/preguntas-frecuentes\/","url":"https:\/\/cajval.cl\/index2.php\/index.php\/preguntas-frecuentes\/","name":"PREGUNTAS FRECUENTES - CAJVAL","isPartOf":{"@id":"https:\/\/cajval.cl\/index2.php\/#website"},"datePublished":"2024-01-26T11:43:13+00:00","dateModified":"2024-05-15T18:59:23+00:00","breadcrumb":{"@id":"https:\/\/cajval.cl\/index2.php\/index.php\/preguntas-frecuentes\/#breadcrumb"},"inLanguage":"es","potentialAction":[{"@type":"ReadAction","target":["https:\/\/cajval.cl\/index2.php\/index.php\/preguntas-frecuentes\/"]}]},{"@type":"BreadcrumbList","@id":"https:\/\/cajval.cl\/index2.php\/index.php\/preguntas-frecuentes\/#breadcrumb","itemListElement":[{"@type":"ListItem","position":1,"name":"Portada","item":"https:\/\/cajval.cl\/index2.php\/"},{"@type":"ListItem","position":2,"name":"PREGUNTAS FRECUENTES"}]},{"@type":"WebSite","@id":"https:\/\/cajval.cl\/index2.php\/#website","url":"https:\/\/cajval.cl\/index2.php\/","name":"CAJVAL","description":"CAJVAL","publisher":{"@id":"https:\/\/cajval.cl\/index2.php\/#organization"},"potentialAction":[{"@type":"SearchAction","target":{"@type":"EntryPoint","urlTemplate":"https:\/\/cajval.cl\/index2.php\/?s={search_term_string}"},"query-input":{"@type":"PropertyValueSpecification","valueRequired":true,"valueName":"search_term_string"}}],"inLanguage":"es"},{"@type":"Organization","@id":"https:\/\/cajval.cl\/index2.php\/#organization","name":"CAJVAL","url":"https:\/\/cajval.cl\/index2.php\/","logo":{"@type":"ImageObject","inLanguage":"es","@id":"https:\/\/cajval.cl\/index2.php\/#\/schema\/logo\/image\/","url":"https:\/\/cajval.cl\/wp-content\/uploads\/2024\/04\/LOGO3REGIONES.png","contentUrl":"https:\/\/cajval.cl\/wp-content\/uploads\/2024\/04\/LOGO3REGIONES.png","width":625,"height":567,"caption":"CAJVAL"},"image":{"@id":"https:\/\/cajval.cl\/index2.php\/#\/schema\/logo\/image\/"}}]}},"_links":{"self":[{"href":"https:\/\/cajval.cl\/index2.php\/index.php\/wp-json\/wp\/v2\/pages\/1201","targetHints":{"allow":["GET"]}}],"collection":[{"href":"https:\/\/cajval.cl\/index2.php\/index.php\/wp-json\/wp\/v2\/pages"}],"about":[{"href":"https:\/\/cajval.cl\/index2.php\/index.php\/wp-json\/wp\/v2\/types\/page"}],"author":[{"embeddable":true,"href":"https:\/\/cajval.cl\/index2.php\/index.php\/wp-json\/wp\/v2\/users\/3"}],"replies":[{"embeddable":true,"href":"https:\/\/cajval.cl\/index2.php\/index.php\/wp-json\/wp\/v2\/comments?post=1201"}],"version-history":[{"count":20,"href":"https:\/\/cajval.cl\/index2.php\/index.php\/wp-json\/wp\/v2\/pages\/1201\/revisions"}],"predecessor-version":[{"id":5713,"href":"https:\/\/cajval.cl\/index2.php\/index.php\/wp-json\/wp\/v2\/pages\/1201\/revisions\/5713"}],"wp:attachment":[{"href":"https:\/\/cajval.cl\/index2.php\/index.php\/wp-json\/wp\/v2\/media?parent=1201"}],"curies":[{"name":"wp","href":"https:\/\/api.w.org\/{rel}","templated":true}]}}